{"id":3518,"date":"2023-04-27T14:25:29","date_gmt":"2023-04-27T14:25:29","guid":{"rendered":"https:\/\/behaus.studio\/politica-de-privacidad\/"},"modified":"2023-10-08T14:42:18","modified_gmt":"2023-10-08T14:42:18","slug":"politica-de-privacidad","status":"publish","type":"page","link":"https:\/\/behaus.studio\/es\/politica-de-privacidad\/","title":{"rendered":"Pol\u00edtica de privacidad"},"content":{"rendered":"<div class=\"fusion-fullwidth fullwidth-box fusion-builder-row-1 fusion-flex-container has-pattern-background has-mask-background nonhundred-percent-fullwidth non-hundred-percent-height-scrolling\" style=\"--awb-border-radius-top-left:0px;--awb-border-radius-top-right:0px;--awb-border-radius-bottom-right:0px;--awb-border-radius-bottom-left:0px;--awb-flex-wrap:wrap;\" ><div class=\"fusion-builder-row fusion-row fusion-flex-align-items-flex-start fusion-flex-content-wrap\" style=\"max-width:1248px;margin-left: calc(-4% \/ 2 );margin-right: calc(-4% \/ 2 );\"><div class=\"fusion-layout-column fusion_builder_column fusion-builder-column-0 fusion_builder_column_1_1 1_1 fusion-flex-column fusion-flex-align-self-center\" style=\"--awb-bg-size:contain;--awb-width-large:100%;--awb-margin-top-large:0px;--awb-spacing-right-large:1.92%;--awb-margin-bottom-large:20px;--awb-spacing-left-large:1.92%;--awb-width-medium:100%;--awb-order-medium:0;--awb-spacing-right-medium:1.92%;--awb-spacing-left-medium:1.92%;--awb-width-small:100%;--awb-order-small:0;--awb-spacing-right-small:1.92%;--awb-spacing-left-small:1.92%;\"><div class=\"fusion-column-wrapper fusion-column-has-shadow fusion-flex-justify-content-center fusion-content-layout-row fusion-flex-align-items-stretch\"><div class=\"fusion-text fusion-text-1\"><h1 data-fontsize=\"65\" data-lineheight=\"78px\" class=\"fusion-responsive-typography-calculated\" style=\"--fontSize: 65; line-height: 1.2;\">Pol\u00edtica de privacidad<\/h1>\n<h4 data-fontsize=\"20\" data-lineheight=\"28px\" class=\"fusion-responsive-typography-calculated\" style=\"--fontSize: 20; line-height: 1.4; --minFontSize: 20;\">Informaci\u00f3n en cumplimiento de la normativa de protecci\u00f3n de datos personales<\/h4>\n<\/p>\n<p>En Europa y Espa\u00f1a existen normas de protecci\u00f3n de datos pensadas para proteger su informaci\u00f3n personal de obligado cumplimiento para nuestra entidad.<\/p>\n<p>Por eso, es muy importante para nosotros que entienda perfectamente qu\u00e9 haremos con los datos personales que le pedimos.<\/p>\n<p>As\u00ed, seremos transparentes y le daremos el control de sus datos, con un lenguaje sencillo y opciones claras que le permitir\u00e1n decidir qu\u00e9 haremos con su informaci\u00f3n personal.<\/p>\n<p>Por favor, si una vez le\u00edda esta informaci\u00f3n le queda alguna duda, no dude en preguntarnos.<\/p>\n<p>Muchas gracias por su colaboraci\u00f3n.<\/p>\n<p><b>\u00bfQui\u00e9nes somos?<\/b><\/p>\n<ul>\n<li>Nuestra denominaci\u00f3n: Laia Sol\u00e9 Lleal \u2013 40370455G<\/li>\n<li>Nuestro CIF \/ NIF: 40370455G<\/li>\n<li>Nuestra direcci\u00f3n: Calle Mestre Francesc Civil 8, 17005 Girona<\/li>\n<li>Nuestro tel\u00e9fono de contacto: (+34) 972 13 20 11<\/li>\n<li>Nuestra direcci\u00f3n de correo electr\u00f3nico de contacto: hola@behaus.studio<\/li>\n<li>Nuestra p\u00e1gina web: www.behaus.studio<\/li>\n<\/ul>\n<p>Estamos a su disposici\u00f3n, no dude en contactar con nosotros.<\/p>\n<ul>\n<li><b>\u00bfPor qu\u00e9 utilizaremos sus datos?<\/b> Con car\u00e1cter general, sus datos personales ser\u00e1n utilizados para poder relacionarnos con usted y poder prestar nuestros servicios. Asimismo, tambi\u00e9n pueden ser usados para otras actividades, como enviar publicidad o promocionar nuestras actividades.<\/li>\n<li><b>\u00bfPor qu\u00e9 necesitamos utilizar sus datos?<\/b> Sus datos personales son necesarios para poder relacionarnos con usted y poder prestarle nuestros servicios. En este sentido, pondremos a su disposici\u00f3n una serie de casillas que le permitir\u00e1n decidir de manera clara y sencilla sobre el uso de su informaci\u00f3n personal.<\/li>\n<li><b>\u00bfQui\u00e9n conocer\u00e1 la informaci\u00f3n que le pedimos?<\/b> Con car\u00e1cter general, s\u00f3lo el personal de nuestra entidad que est\u00e9 debidamente autorizado podr\u00e1 tener conocimiento de la informaci\u00f3n que le solicitamos. De la misma forma, podr\u00e1n tener conocimiento de su informaci\u00f3n personal aquellas entidades que necesiten tener acceso para que podamos prestarle nuestros servicios. As\u00ed, por ejemplo, nuestro banco conocer\u00e1 sus datos si el pago de nuestros servicios se realiza mediante tarjeta o transferencia bancaria. Asimismo, tendr\u00e1n conocimiento de su informaci\u00f3n aquellas entidades p\u00fablicas o privadas a las que estemos obligados a facilitar sus datos personales con motivo del cumplimiento de alguna ley. Poni\u00e9ndole un ejemplo, la Ley Tributaria obliga a facilitar a la Agencia Tributaria determinada informaci\u00f3n sobre operaciones econ\u00f3micas que superen una determinada cantidad. En caso de que, al margen de los supuestos comentados, necesitamos dar a conocer su informaci\u00f3n personal a otras entidades, solicitaremos previamente su permiso a trav\u00e9s de opciones claras que le permitir\u00e1n decidir al respecto.<\/li>\n<li><b>\u00bfC\u00f3mo protegeremos sus datos?<\/b> Protegeremos sus datos con medidas de seguridad eficaces en funci\u00f3n de los riesgos que comporte el uso de su informaci\u00f3n. Por eso, nuestra entidad ha aprobado una Pol\u00edtica de Protecci\u00f3n de Datos y se realizan controles y auditor\u00edas anuales para verificar que sus datos personales est\u00e1n seguros en todo momento.<\/li>\n<li><b>\u00bfEnviaremos sus datos a otros pa\u00edses?<\/b> En el mundo hay pa\u00edses que son seguros para sus datos y otros que no lo son tanto. As\u00ed, por ejemplo, la Uni\u00f3n Europea es un entorno seguro para sus datos. Nuestra pol\u00edtica es no enviar su informaci\u00f3n personal a ning\u00fan pa\u00eds que no sea seguro desde el punto de vista de la protecci\u00f3n de sus datos. En caso de que, con motivo de prestarle el servicio, sea imprescindible enviar sus datos a un pa\u00eds que no sea tan seguro como Espa\u00f1a, siempre le solicitaremos previamente su permiso y aplicaremos medidas de seguridad eficaces que reduzcan los riesgos de el env\u00edo de su informaci\u00f3n personal a otro pa\u00eds.<\/li>\n<li><b>\u00bfDurante cu\u00e1nto tiempo conservaremos sus datos?<\/b> Conservaremos sus datos durante nuestra relaci\u00f3n y mientras nos obliguen las leyes. Una vez finalizados los plazos legales aplicables, procederemos a eliminarlos de forma segura y respetuosa con el medio ambiente.<\/li>\n<li><b>\u00bfCu\u00e1les son sus derechos de protecci\u00f3n de datos?<\/b> En cualquier momento puede dirigirse a nosotros para saber qu\u00e9 informaci\u00f3n tenemos sobre usted, rectificarla si fuera incorrecta y eliminarla una vez finalizada nuestra relaci\u00f3n, en caso de que esto sea legalmente posible. Tambi\u00e9n tiene derecho a solicitar el traspaso de su informaci\u00f3n a otra entidad. Este derecho se llama portabilidad y puede ser \u00fatil en determinadas situaciones. Para solicitar alguno de estos derechos, deber\u00e1 realizar una solicitud escrita en nuestra direcci\u00f3n, junto con una fotocopia de su DNI, para poderlo identificar. .<\/li>\n<\/ul>\n<p>Para saber m\u00e1s sobre sus derechos de protecci\u00f3n de datos, puede consultar la p\u00e1gina web de la Agencia Espa\u00f1ola de Protecci\u00f3n de Datos (www.agpd.es).<\/p>\n<ul>\n<li><b>\u00bfPuede retirar su consentimiento si cambia de opini\u00f3n en un momento posterior?<\/b> Usted puede retirar su consentimiento si usted cambia de opini\u00f3n sobre el uso de sus datos en cualquier momento. As\u00ed por ejemplo, si usted en su d\u00eda estuvo interesado\/da en recibir publicidad de nuestros productos o servicios, pero ya no desea recibir m\u00e1s publicidad, puede hacerlo constar a trav\u00e9s del formulario de oposici\u00f3n al tratamiento disponible en las oficinas de nuestra entidad.<\/li>\n<li><b>En caso de que entienda que sus derechos han sido desatendidos, \u00bfd\u00f3nde puede formular una reclamaci\u00f3n? <\/b>En caso de que entienda que sus derechos han sido desatendidos por nuestra entidad, puede formular una reclamaci\u00f3n a la Agencia Espa\u00f1ola de Protecci\u00f3n de Datos, a trav\u00e9s de alguno de los siguientes medios:<\/li>\n<li>Sede electr\u00f3nica: www.agpd.es<\/li>\n<li>Direcci\u00f3n postal:<\/li>\n<\/ul>\n<p><span style=\"color: var(--awb-text-color); font-family: var(--awb-text-font-family); font-size: var(--awb-font-size); font-style: var(--awb-text-font-style); font-weight: var(--awb-text-font-weight); letter-spacing: var(--awb-letter-spacing); text-align: var(--awb-content-alignment); text-transform: var(--awb-text-transform); background-color: var(--awb-bg-color);\"><\/span><\/p>\n<p style=\"padding-left: 40px;\">Agencia Espa\u00f1ola de Protecci\u00f3n de Datos<\/p>\n<p><span style=\"color: var(--awb-text-color); font-family: var(--awb-text-font-family); font-size: var(--awb-font-size); font-style: var(--awb-text-font-style); font-weight: var(--awb-text-font-weight); letter-spacing: var(--awb-letter-spacing); text-align: var(--awb-content-alignment); text-transform: var(--awb-text-transform); background-color: var(--awb-bg-color);\"><\/span><\/p>\n<p style=\"padding-left: 40px;\">C\/ Jorge Juan, 6<\/p>\n<p><span style=\"color: var(--awb-text-color); font-family: var(--awb-text-font-family); font-size: var(--awb-font-size); font-style: var(--awb-text-font-style); font-weight: var(--awb-text-font-weight); letter-spacing: var(--awb-letter-spacing); text-align: var(--awb-content-alignment); text-transform: var(--awb-text-transform); background-color: var(--awb-bg-color);\"><\/span><\/p>\n<p style=\"padding-left: 40px;\">28001-Madrid<\/p>\n<\/p>\n<ul>\n<li>Via telef\u00f2nica:<\/li>\n<\/ul>\n<p style=\"padding-left: 40px;\">Telf. 901 100 099<\/p>\n<p style=\"padding-left: 40px;\">Telf. 91 266 35 17<\/p>\n<p>Formular una reclamaci\u00f3n a la Agencia Espa\u00f1ola de Protecci\u00f3n de Datos no comporta ning\u00fan coste y no es necesaria la asistencia de abogado ni procurador.<\/p>\n<ul>\n<li><b>\u00bfElaboraremos perfiles sobre usted?<\/b> Nuestra pol\u00edtica es no realizar perfiles sobre los usuarios de nuestros servicios. No obstante, pueden existir situaciones en las que, con fines de prestaci\u00f3n del servicio, comerciales o de otro tipo, necesitamos elaborar perfiles de informaci\u00f3n sobre usted. Un ejemplo podr\u00eda ser la utilizaci\u00f3n de su historial de compras o servicios para poder ofrecerle productos o servicios adaptados a sus gustos o necesidades. En este caso, aplicaremos eficaces medidas de seguridad que protejan su informaci\u00f3n en todo momento de personas no autorizadas que pretendan utilizarla en beneficio propio.<\/li>\n<li><b>\u00bfUsaremos sus datos para otros fines?<\/b> Nuestra pol\u00edtica es no utilizar sus datos para otros fines distintos a los que le hemos explicado. Si, sin embargo, necesit\u00e1ramos utilizar sus datos para actividades diferentes, siempre le solicitaremos previamente su permiso a trav\u00e9s de opciones claras que le permitir\u00e1n decidir al respecto.<\/li>\n<\/ul>\n<\/div><\/div><\/div><\/div><\/div>\n","protected":false},"excerpt":{"rendered":"","protected":false},"author":3,"featured_media":0,"parent":0,"menu_order":300,"comment_status":"closed","ping_status":"closed","template":"100-width.php","meta":{"footnotes":""},"class_list":["post-3518","page","type-page","status-publish","hentry"],"yoast_head":"<!-- This site is optimized with the Yoast SEO plugin v27.5 - https:\/\/yoast.com\/product\/yoast-seo-wordpress\/ -->\n<title>Pol\u00edtica de privacidad - Behaus<\/title>\n<meta name=\"robots\" content=\"index, follow, max-snippet:-1, max-image-preview:large, max-video-preview:-1\" \/>\n<link rel=\"canonical\" href=\"https:\/\/behaus.studio\/es\/politica-de-privacidad\/\" \/>\n<meta property=\"og:locale\" content=\"es_ES\" \/>\n<meta property=\"og:type\" content=\"article\" \/>\n<meta property=\"og:title\" content=\"Pol\u00edtica de privacidad - Behaus\" \/>\n<meta property=\"og:url\" content=\"https:\/\/behaus.studio\/es\/politica-de-privacidad\/\" \/>\n<meta property=\"og:site_name\" content=\"Behaus\" \/>\n<meta property=\"article:modified_time\" content=\"2023-10-08T14:42:18+00:00\" \/>\n<meta name=\"twitter:card\" content=\"summary_large_image\" \/>\n<meta name=\"twitter:label1\" content=\"Tiempo de lectura\" \/>\n\t<meta name=\"twitter:data1\" content=\"8 minutos\" \/>\n<script type=\"application\/ld+json\" class=\"yoast-schema-graph\">{\"@context\":\"https:\\\/\\\/schema.org\",\"@graph\":[{\"@type\":\"WebPage\",\"@id\":\"https:\\\/\\\/behaus.studio\\\/es\\\/politica-de-privacidad\\\/\",\"url\":\"https:\\\/\\\/behaus.studio\\\/es\\\/politica-de-privacidad\\\/\",\"name\":\"Pol\u00edtica de privacidad - Behaus\",\"isPartOf\":{\"@id\":\"https:\\\/\\\/behaus.studio\\\/es\\\/#website\"},\"datePublished\":\"2023-04-27T14:25:29+00:00\",\"dateModified\":\"2023-10-08T14:42:18+00:00\",\"breadcrumb\":{\"@id\":\"https:\\\/\\\/behaus.studio\\\/es\\\/politica-de-privacidad\\\/#breadcrumb\"},\"inLanguage\":\"es\",\"potentialAction\":[{\"@type\":\"ReadAction\",\"target\":[\"https:\\\/\\\/behaus.studio\\\/es\\\/politica-de-privacidad\\\/\"]}]},{\"@type\":\"BreadcrumbList\",\"@id\":\"https:\\\/\\\/behaus.studio\\\/es\\\/politica-de-privacidad\\\/#breadcrumb\",\"itemListElement\":[{\"@type\":\"ListItem\",\"position\":1,\"name\":\"Portada\",\"item\":\"https:\\\/\\\/behaus.studio\\\/es\\\/\"},{\"@type\":\"ListItem\",\"position\":2,\"name\":\"Pol\u00edtica de privacidad\"}]},{\"@type\":\"WebSite\",\"@id\":\"https:\\\/\\\/behaus.studio\\\/es\\\/#website\",\"url\":\"https:\\\/\\\/behaus.studio\\\/es\\\/\",\"name\":\"Behaus\",\"description\":\"Passivhaus Designer Girona\",\"publisher\":{\"@id\":\"https:\\\/\\\/behaus.studio\\\/es\\\/#organization\"},\"potentialAction\":[{\"@type\":\"SearchAction\",\"target\":{\"@type\":\"EntryPoint\",\"urlTemplate\":\"https:\\\/\\\/behaus.studio\\\/es\\\/?s={search_term_string}\"},\"query-input\":{\"@type\":\"PropertyValueSpecification\",\"valueRequired\":true,\"valueName\":\"search_term_string\"}}],\"inLanguage\":\"es\"},{\"@type\":\"Organization\",\"@id\":\"https:\\\/\\\/behaus.studio\\\/es\\\/#organization\",\"name\":\"Behaus\",\"url\":\"https:\\\/\\\/behaus.studio\\\/es\\\/\",\"logo\":{\"@type\":\"ImageObject\",\"inLanguage\":\"es\",\"@id\":\"https:\\\/\\\/behaus.studio\\\/es\\\/#\\\/schema\\\/logo\\\/image\\\/\",\"url\":\"https:\\\/\\\/behaus.studio\\\/wp-content\\\/uploads\\\/2023\\\/10\\\/BEHAUS_FAVICON_negrecyan.png\",\"contentUrl\":\"https:\\\/\\\/behaus.studio\\\/wp-content\\\/uploads\\\/2023\\\/10\\\/BEHAUS_FAVICON_negrecyan.png\",\"width\":487,\"height\":431,\"caption\":\"Behaus\"},\"image\":{\"@id\":\"https:\\\/\\\/behaus.studio\\\/es\\\/#\\\/schema\\\/logo\\\/image\\\/\"}}]}<\/script>\n<!-- \/ Yoast SEO plugin. -->","yoast_head_json":{"title":"Pol\u00edtica de privacidad - Behaus","robots":{"index":"index","follow":"follow","max-snippet":"max-snippet:-1","max-image-preview":"max-image-preview:large","max-video-preview":"max-video-preview:-1"},"canonical":"https:\/\/behaus.studio\/es\/politica-de-privacidad\/","og_locale":"es_ES","og_type":"article","og_title":"Pol\u00edtica de privacidad - Behaus","og_url":"https:\/\/behaus.studio\/es\/politica-de-privacidad\/","og_site_name":"Behaus","article_modified_time":"2023-10-08T14:42:18+00:00","twitter_card":"summary_large_image","twitter_misc":{"Tiempo de lectura":"8 minutos"},"schema":{"@context":"https:\/\/schema.org","@graph":[{"@type":"WebPage","@id":"https:\/\/behaus.studio\/es\/politica-de-privacidad\/","url":"https:\/\/behaus.studio\/es\/politica-de-privacidad\/","name":"Pol\u00edtica de privacidad - Behaus","isPartOf":{"@id":"https:\/\/behaus.studio\/es\/#website"},"datePublished":"2023-04-27T14:25:29+00:00","dateModified":"2023-10-08T14:42:18+00:00","breadcrumb":{"@id":"https:\/\/behaus.studio\/es\/politica-de-privacidad\/#breadcrumb"},"inLanguage":"es","potentialAction":[{"@type":"ReadAction","target":["https:\/\/behaus.studio\/es\/politica-de-privacidad\/"]}]},{"@type":"BreadcrumbList","@id":"https:\/\/behaus.studio\/es\/politica-de-privacidad\/#breadcrumb","itemListElement":[{"@type":"ListItem","position":1,"name":"Portada","item":"https:\/\/behaus.studio\/es\/"},{"@type":"ListItem","position":2,"name":"Pol\u00edtica de privacidad"}]},{"@type":"WebSite","@id":"https:\/\/behaus.studio\/es\/#website","url":"https:\/\/behaus.studio\/es\/","name":"Behaus","description":"Passivhaus Designer Girona","publisher":{"@id":"https:\/\/behaus.studio\/es\/#organization"},"potentialAction":[{"@type":"SearchAction","target":{"@type":"EntryPoint","urlTemplate":"https:\/\/behaus.studio\/es\/?s={search_term_string}"},"query-input":{"@type":"PropertyValueSpecification","valueRequired":true,"valueName":"search_term_string"}}],"inLanguage":"es"},{"@type":"Organization","@id":"https:\/\/behaus.studio\/es\/#organization","name":"Behaus","url":"https:\/\/behaus.studio\/es\/","logo":{"@type":"ImageObject","inLanguage":"es","@id":"https:\/\/behaus.studio\/es\/#\/schema\/logo\/image\/","url":"https:\/\/behaus.studio\/wp-content\/uploads\/2023\/10\/BEHAUS_FAVICON_negrecyan.png","contentUrl":"https:\/\/behaus.studio\/wp-content\/uploads\/2023\/10\/BEHAUS_FAVICON_negrecyan.png","width":487,"height":431,"caption":"Behaus"},"image":{"@id":"https:\/\/behaus.studio\/es\/#\/schema\/logo\/image\/"}}]}},"_links":{"self":[{"href":"https:\/\/behaus.studio\/es\/wp-json\/wp\/v2\/pages\/3518","targetHints":{"allow":["GET"]}}],"collection":[{"href":"https:\/\/behaus.studio\/es\/wp-json\/wp\/v2\/pages"}],"about":[{"href":"https:\/\/behaus.studio\/es\/wp-json\/wp\/v2\/types\/page"}],"author":[{"embeddable":true,"href":"https:\/\/behaus.studio\/es\/wp-json\/wp\/v2\/users\/3"}],"replies":[{"embeddable":true,"href":"https:\/\/behaus.studio\/es\/wp-json\/wp\/v2\/comments?post=3518"}],"version-history":[{"count":3,"href":"https:\/\/behaus.studio\/es\/wp-json\/wp\/v2\/pages\/3518\/revisions"}],"predecessor-version":[{"id":4120,"href":"https:\/\/behaus.studio\/es\/wp-json\/wp\/v2\/pages\/3518\/revisions\/4120"}],"wp:attachment":[{"href":"https:\/\/behaus.studio\/es\/wp-json\/wp\/v2\/media?parent=3518"}],"curies":[{"name":"wp","href":"https:\/\/api.w.org\/{rel}","templated":true}]}}