{"id":3957,"date":"2023-09-04T16:47:04","date_gmt":"2023-09-04T16:47:04","guid":{"rendered":"https:\/\/behaus.studio\/?page_id=3957"},"modified":"2024-02-21T08:50:31","modified_gmt":"2024-02-21T08:50:31","slug":"passivhaus","status":"publish","type":"page","link":"https:\/\/behaus.studio\/ca\/passivhaus\/","title":{"rendered":"Passivhaus"},"content":{"rendered":"<p><div class=\"fusion-fullwidth fullwidth-box fusion-builder-row-1 fusion-flex-container has-pattern-background has-mask-background fusion-parallax-none hundred-percent-fullwidth hundred-percent-height hundred-percent-height-center-content non-hundred-percent-height-scrolling fusion-no-small-visibility lazyload\" style=\"--link_hover_color: var(--awb-color5);--link_color: var(--awb-color5);--awb-border-color:var(--awb-color1);--awb-border-radius-top-left:0px;--awb-border-radius-top-right:0px;--awb-border-radius-bottom-right:0px;--awb-border-radius-bottom-left:0px;--awb-padding-bottom:44px;--awb-padding-top-medium:185px;--awb-padding-top-small:149px;--awb-padding-right-small:42px;--awb-padding-bottom-small:44px;--awb-padding-left-small:60px;--awb-margin-bottom:0px;--awb-margin-bottom-medium:0px;--awb-margin-bottom-small:69px;--awb-background-color:#ffffff;--awb-background-image:linear-gradient(152deg, rgba(68,48,30,0.18) 0%,rgba(68,48,30,0.18) 49%);;--awb-background-size:cover;--awb-flex-wrap:wrap;\" data-bg=\"https:\/\/behaus.studio\/wp-content\/uploads\/2023\/09\/PASSIVHAUS_01-1.png\" data-bg-gradient=\"linear-gradient(152deg, rgba(68,48,30,0.18) 0%,rgba(68,48,30,0.18) 49%)\" ><div class=\"fusion-builder-row fusion-row fusion-flex-align-items-center fusion-flex-content-wrap\" style=\"width:104% !important;max-width:104% !important;margin-left: calc(-4% \/ 2 );margin-right: calc(-4% \/ 2 );\"><div class=\"fusion-layout-column fusion_builder_column fusion-builder-column-0 fusion_builder_column_1_1 1_1 fusion-flex-column fusion-flex-align-self-center fusion-no-small-visibility fusion-animated\" style=\"--awb-padding-right:150px;--awb-padding-left:150px;--awb-padding-bottom-medium:0px;--awb-bg-size:cover;--awb-width-large:100%;--awb-margin-top-large:0px;--awb-spacing-right-large:1.92%;--awb-margin-bottom-large:0px;--awb-spacing-left-large:55px;--awb-width-medium:100%;--awb-order-medium:0;--awb-spacing-right-medium:1.92%;--awb-spacing-left-medium:20px;--awb-width-small:100%;--awb-order-small:0;--awb-spacing-right-small:1.92%;--awb-spacing-left-small:20px;\" data-animationType=\"fadeInRight\" data-animationDuration=\"1.3\" data-animationOffset=\"top-into-view\"><div class=\"fusion-column-wrapper fusion-column-has-shadow fusion-flex-justify-content-center fusion-content-layout-column\"><div class=\"fusion-title title fusion-title-1 fusion-sep-none fusion-title-center fusion-title-text fusion-title-size-one\" style=\"--awb-text-color:var(--awb-color1);--awb-margin-bottom:55px;--awb-margin-top-small:10px;--awb-margin-right-small:0px;--awb-margin-bottom-small:10px;--awb-margin-left-small:0px;--awb-font-size:75px;\"><h1 class=\"fusion-title-heading title-heading-center\" style=\"font-family:&quot;Lato&quot;;font-style:normal;font-weight:900;margin:0;letter-spacing:var(--awb-typography1-letter-spacing);font-size:1em;line-height:var(--awb-typography1-line-height);\"><div class=\"page\" title=\"Page 1\">\n<div class=\"section\">\n<div class=\"layoutArea\">\n<div class=\"column\">\n<h1>L\u2019esta\u0300ndard Passivhaus: menys consum, me\u0301s confort<\/h1>\n<\/div>\n<\/div>\n<\/div>\n<\/div><\/h1><\/div><div style=\"text-align:center;\"><a class=\"fusion-button button-flat button-large button-default fusion-button-default button-1 fusion-button-span-no \" style=\"--button_bevel_color:var(--awb-color4);--button_bevel_color_hover:var(--awb-color4);--button_margin-top:;\" target=\"_self\" data-hover=\"text_slide_up\" href=\"https:\/\/behaus.studio\/contacte\/#formu\"><div class=\"awb-button-text-transition  awb-button__hover-content--centered\"><span class=\"fusion-button-text awb-button__text awb-button__text--default\">Sol\u00b7licita informaci\u00f3<\/span><span class=\"fusion-button-text awb-button__text awb-button__text--default\">Sol\u00b7licita informaci\u00f3<\/span><\/div><\/a><\/div><\/div><\/div><\/div><\/div><div class=\"fusion-fullwidth fullwidth-box fusion-builder-row-2 fusion-flex-container has-pattern-background hundred-percent-fullwidth hundred-percent-height non-hundred-percent-height-scrolling fusion-no-medium-visibility fusion-no-large-visibility\" style=\"--awb-background-position:left top;--awb-border-sizes-top:0px;--awb-border-sizes-bottom:0px;--awb-border-sizes-left:0px;--awb-border-sizes-right:0px;--awb-border-radius-top-left:0px;--awb-border-radius-top-right:0px;--awb-border-radius-bottom-right:0px;--awb-border-radius-bottom-left:0px;--awb-padding-top:96px;--awb-padding-bottom:0px;--awb-padding-top-medium:90px;--awb-padding-bottom-medium:90px;--awb-padding-top-small:0px;--awb-padding-right-small:0px;--awb-padding-bottom-small:0px;--awb-padding-left-small:27px;--awb-margin-bottom-medium:0px;--awb-margin-top-small:127px;--awb-margin-bottom-small:0px;--awb-background-color:var(--awb-color1);--awb-flex-wrap:wrap;\" ><div class=\"fusion-builder-row fusion-row fusion-flex-align-items-stretch fusion-flex-justify-content-center fusion-flex-content-wrap\" style=\"width:calc( 100% + 100px ) !important;max-width:calc( 100% + 100px ) !important;margin-left: calc(-100px \/ 2 );margin-right: calc(-100px \/ 2 );\"><div class=\"fusion-layout-column fusion_builder_column fusion-builder-column-1 fusion_builder_column_1_1 1_1 fusion-flex-column fusion-flex-align-self-stretch fusion-column-no-min-height fusion-no-medium-visibility fusion-no-large-visibility fusion-animated\" style=\"--awb-padding-top-small:0px;--awb-padding-bottom-small:45px;--awb-padding-left-small:0px;--awb-bg-color-small:rgba(0,0,0,0.17);--awb-bg-image-small:url(&#039;https:\/\/behaus.studio\/wp-content\/uploads\/2023\/09\/PASSIVHAUS_01-1.png&#039;);--awb-bg-blend:overlay;--awb-bg-size:cover;--awb-width-large:100%;--awb-margin-top-large:0px;--awb-spacing-right-large:50px;--awb-margin-bottom-large:60px;--awb-spacing-left-large:50px;--awb-width-medium:80%;--awb-spacing-right-medium:50px;--awb-spacing-left-medium:50px;--awb-width-small:100%;--awb-margin-top-small:0px;--awb-spacing-right-small:24px;--awb-spacing-left-small:18px;\" data-animationType=\"fadeIn\" data-animationDuration=\"0.8\" data-animationOffset=\"top-into-view\"><div class=\"fusion-column-wrapper fusion-flex-justify-content-center fusion-content-layout-column fusion-column-has-bg-image-small\"><div class=\"fusion-title title fusion-title-2 fusion-no-medium-visibility fusion-no-large-visibility fusion-sep-none fusion-title-center fusion-title-text fusion-title-size-two\" style=\"--awb-text-color:#ffffff;--awb-margin-right:20px;--awb-margin-bottom:0px;--awb-margin-left:20px;--awb-margin-top-small:10px;--awb-margin-right-small:30px;--awb-margin-bottom-small:10px;--awb-margin-left-small:30px;--awb-font-size:45px;\"><h2 class=\"fusion-title-heading title-heading-center\" style=\"font-family:&quot;Lato&quot;;font-style:normal;font-weight:700;margin:0;text-transform:var(--awb-typography2-text-transform);font-size:1em;line-height:1.6;\"><div class=\"page\" title=\"Page 1\">\n<div class=\"section\">\n<div class=\"layoutArea\">\n<div class=\"column\">\n<h1 class=\"fusion-responsive-typography-calculated\" style=\"text-align: center;\" data-fontsize=\"75\" data-lineheight=\"90px\">L\u2019esta\u0300ndard Passivhaus:<\/h1>\n<h1 class=\"fusion-responsive-typography-calculated\" style=\"text-align: center;\" data-fontsize=\"75\" data-lineheight=\"90px\">menys consum, me\u0301s confort<\/h1>\n<\/div>\n<\/div>\n<\/div>\n<\/div><\/h2><\/div><div class=\"sm-text-align-center\"><a class=\"fusion-button button-flat fusion-button-default-size button-default fusion-button-default button-2 fusion-button-default-span fusion-button-default-type fusion-no-medium-visibility fusion-no-large-visibility\" target=\"_self\" href=\"https:\/\/behaus.studio\/contacte\/\"><span class=\"fusion-button-text awb-button__text awb-button__text--default\">Sol\u00b7licita informaci\u00f3<\/span><\/a><\/div><\/div><\/div><\/div><\/div><div class=\"fusion-fullwidth fullwidth-box fusion-builder-row-3 fusion-flex-container has-pattern-background nonhundred-percent-fullwidth non-hundred-percent-height-scrolling\" style=\"--awb-background-position:left top;--awb-border-sizes-top:0px;--awb-border-sizes-bottom:0px;--awb-border-sizes-left:0px;--awb-border-sizes-right:0px;--awb-border-radius-top-left:0px;--awb-border-radius-top-right:0px;--awb-border-radius-bottom-right:0px;--awb-border-radius-bottom-left:0px;--awb-padding-top:96px;--awb-padding-bottom:0px;--awb-padding-top-medium:90px;--awb-padding-bottom-medium:90px;--awb-padding-top-small:0px;--awb-margin-bottom-medium:0px;--awb-margin-top-small:0px;--awb-background-color:var(--awb-color1);--awb-flex-wrap:wrap;\" ><div class=\"fusion-builder-row fusion-row fusion-flex-align-items-stretch fusion-flex-justify-content-center fusion-flex-content-wrap\" style=\"max-width:calc( 1200px + 100px );margin-left: calc(-100px \/ 2 );margin-right: calc(-100px \/ 2 );\"><div class=\"fusion-layout-column fusion_builder_column fusion-builder-column-2 fusion_builder_column_1_1 1_1 fusion-flex-column fusion-flex-align-self-flex-start fusion-column-no-min-height fusion-animated\" style=\"--awb-bg-blend:overlay;--awb-bg-size:cover;--awb-width-large:100%;--awb-margin-top-large:0px;--awb-spacing-right-large:50px;--awb-margin-bottom-large:60px;--awb-spacing-left-large:50px;--awb-width-medium:80%;--awb-spacing-right-medium:50px;--awb-spacing-left-medium:50px;--awb-width-small:100%;--awb-spacing-right-small:50px;--awb-spacing-left-small:50px;\" data-animationType=\"fadeIn\" data-animationDuration=\"0.8\" data-animationOffset=\"top-into-view\"><div class=\"fusion-column-wrapper fusion-flex-justify-content-flex-start fusion-content-layout-column\"><div class=\"fusion-title title fusion-title-3 fusion-sep-none fusion-title-center fusion-title-text fusion-title-size-two\" style=\"--awb-margin-right:20px;--awb-margin-bottom:0px;--awb-margin-left:20px;--awb-margin-top-small:10px;--awb-margin-right-small:0px;--awb-margin-bottom-small:10px;--awb-margin-left-small:0px;--awb-font-size:35px;\"><h2 class=\"fusion-title-heading title-heading-center\" style=\"font-family:&quot;Lato&quot;;font-style:normal;font-weight:700;margin:0;text-transform:var(--awb-typography2-text-transform);font-size:1em;line-height:1.6;\"><div class=\"page\" title=\"Page 1\">\n<div class=\"section\">\n<div class=\"layoutArea\">\n<div class=\"column\">\n<h2 class=\"fusion-responsive-typography-calculated\" style=\"--fontsize: 35; line-height: 1.2;\" data-fontsize=\"35\" data-lineheight=\"42px\">Cap a un futur sostenible<\/h2>\n<\/div>\n<\/div>\n<\/div>\n<\/div><\/h2><\/div><div class=\"fusion-text fusion-text-1\"><div class=\"page\" title=\"Page 1\">\n<div class=\"section\">\n<div class=\"layoutArea\">\n<div class=\"column\">\n<div class=\"page\" title=\"Page 1\">\n<div class=\"section\">\n<div class=\"layoutArea\">\n<div class=\"column\">\n<p>L\u2019esta\u0300ndard Passivhaus e\u0301s un segell internacional de construccio\u0301 que estableix uns requisits molt exigents de <strong>baix consum energe\u0300tic i elevat confort interior<\/strong>, molt superiors als que experimentem en els edificis que solem frequ\u0308entar.<\/p>\n<p>Neix a Alemanya als anys 90 i avui e\u0301s present a tot el mo\u0301n, amb milers d\u2019edificis certificats. L\u2019estat espanyol en compta amb me\u0301s d\u2019un centenar des de l\u2019any 2009, i amb la creixent sensibilitzacio\u0301 per l\u2019eficie\u0300ncia energe\u0300tica i la sostenibilitat -i considerant els seus beneficis evidents quant a confort i estalvi- el nu\u0301mero de Passivhaus de la peni\u0301nsula no para d\u2019augmentar.<\/p>\n<p>Pero\u0300&#8230; d\u2019on prove\u0301 aquest nom i per que\u0300 les anomenem aixi\u0301? Passivhaus (en alemany) o Passiv house (en angle\u0300s) signifiquen \u201c<strong>casa passiva<\/strong>\u201d. Una casa passiva e\u0301s aquella que aprofita els condicionants naturals de l\u2019entorn (radiacio\u0301 solar, ventilacio\u0301, proteccio\u0301, orientacio\u0301, altitud, vegetacio\u0301) i altres estrate\u0300gies bioclima\u0300tiques (obertures cap a sud, proteccio\u0301 solar, patis) i constructives (ai\u0308llament te\u0300rmic, ine\u0300rcia, transpirabilitat) per tal d\u2019aconseguir el confort interior amb la mi\u0301nima aportacio\u0301 de sistemes actius (instal\u00b7lacions) possible.<\/p>\n<p>Per entendre el concepte, imaginem un termo. Com que e\u0301s herme\u0300tic i esta\u0300 ben ai\u0308llat, mantindra\u0300 el cafe\u0300 calent durant hores sense gastar energia. Aixi\u0301 es comporta una Passivhaus.<\/p>\n<\/div>\n<\/div>\n<\/div>\n<\/div>\n<\/div>\n<\/div>\n<\/div>\n<\/div>\n<\/div><\/div><\/div><\/div><\/div><div class=\"fusion-fullwidth fullwidth-box fusion-builder-row-4 fusion-flex-container has-pattern-background has-mask-background fusion-parallax-none nonhundred-percent-fullwidth non-hundred-percent-height-scrolling lazyload\" style=\"--link_hover_color: var(--awb-color5);--link_color: var(--awb-color5);--awb-background-position:center top;--awb-border-color:var(--awb-color1);--awb-border-radius-top-left:0px;--awb-border-radius-top-right:0px;--awb-border-radius-bottom-right:0px;--awb-border-radius-bottom-left:0px;--awb-padding-top:55px;--awb-padding-bottom:55px;--awb-padding-top-medium:90px;--awb-padding-bottom-medium:90px;--awb-padding-top-small:100px;--awb-padding-bottom-small:100px;--awb-margin-bottom-medium:0px;--awb-background-color:var(--awb-color8);--awb-background-image:linear-gradient(360deg, rgba(255,255,255,0.58) 0%,rgba(255,255,255,0.43) 0%);;--awb-background-size:cover;--awb-flex-wrap:wrap;\" data-bg=\"https:\/\/behaus.studio\/wp-content\/uploads\/2023\/09\/PASSIVHAUS_02-1.png\" data-bg-gradient=\"linear-gradient(360deg, rgba(255,255,255,0.58) 0%,rgba(255,255,255,0.43) 0%)\" ><div class=\"fusion-builder-row fusion-row fusion-flex-align-items-center fusion-flex-content-wrap\" style=\"max-width:1248px;margin-left: calc(-4% \/ 2 );margin-right: calc(-4% \/ 2 );\"><div class=\"fusion-layout-column fusion_builder_column fusion-builder-column-3 fusion_builder_column_1_1 1_1 fusion-flex-column fusion-flex-align-self-stretch\" style=\"--awb-bg-size:cover;--awb-width-large:100%;--awb-margin-top-large:0px;--awb-spacing-right-large:1.92%;--awb-margin-bottom-large:0px;--awb-spacing-left-large:1.92%;--awb-width-medium:100%;--awb-order-medium:0;--awb-spacing-right-medium:1.92%;--awb-spacing-left-medium:1.92%;--awb-width-small:100%;--awb-order-small:0;--awb-spacing-right-small:1.92%;--awb-spacing-left-small:1.92%;\"><div class=\"fusion-column-wrapper fusion-column-has-shadow fusion-flex-justify-content-center fusion-content-layout-column\"><div class=\"fusion-text fusion-text-2\" style=\"--awb-text-color:var(--awb-color8);\"><div class=\"page\" title=\"Page 1\">\n<div class=\"section\">\n<div class=\"layoutArea\">\n<div class=\"column\">\n<h2 style=\"text-align: center;\">Els 5 principis fonamentals d\u2019una Passivhaus<\/h2>\n<\/div>\n<div class=\"page\" title=\"Page 1\">\n<div class=\"section\">\n<div class=\"layoutArea\">\n<div class=\"column\">\n<ol>\n<li><span style=\"color: #0dadad;\"><strong>Excel\u00b7lent ai\u0308llament te\u0300rmic<\/strong><\/span>. E\u0301s a dir: una casa amb un bon abric, tant en les parets, com a la coberta, com en el terra.<\/li>\n<li><span style=\"color: #0dadad;\"><strong>Disseny sense ponts te\u0300rmics<\/strong><\/span>. Els ponts te\u0300rmics so\u0301n aquelles parts de l\u2019edifici per on s\u2019escapa l\u2019energia, com els marcs de les finestres, les cantonades, les caixes de persiana, les trobades entre fac\u0327ana i balco\u0301, les juntes&#8230; L\u2019esta\u0300ndard Passivhaus exigeix una planificacio\u0301 y execucio\u0301 d\u2019aquests punts cri\u0301tics per evitar la pe\u0300rdua d\u2019energia a trave\u0301s d\u2019ells.<\/li>\n<li><span style=\"color: #0dadad;\"><strong>Finestres d\u2019altes prestacions<\/strong><\/span>. De doble o triple vidre segons la ubicacio\u0301 de l\u2019edifici, requereixen una baixa transmita\u0300ncia i un correcte factor solar per captar la radiacio\u0301 a l\u2019hivern i protegir l\u2019interior a l\u2019estiu.<\/li>\n<li><span style=\"color: #0dadad;\"><strong>Una alta hermeticitat al pas de l\u2019aire<\/strong><\/span>. Dit d\u2019una altra manera: un control exhaustiu de les infiltracions, per evitar pe\u0300rdues incontrolades i per tant reduir la demanda energe\u0300tica.<\/li>\n<li><strong><span style=\"color: #0dadad;\">Un sistema de ventilacio\u0301 meca\u0300nica de doble flux amb recuperador de calor<\/span><\/strong>. I aixo\u0300 que\u0301 e\u0301s? Doncs una ma\u0300quina que renova l\u2019aire viciat de les estances amb aire de l\u2019exterior pre\u0300viament filtrat i te\u0300rmicament acondicionat.<\/li>\n<\/ol>\n<p>En climes ca\u0300lids com el nostre, es parla d\u2019un 6e\u0300 principi igualment important, consistent en la <strong>proteccio\u0301 solar<\/strong>. El segell Passivhaus ha de garantir que no se superin els 25oC a l\u2019interior durant me\u0301s del 10% de les hores de l\u2019any.<\/p>\n<\/div>\n<\/div>\n<\/div>\n<\/div>\n<\/div>\n<\/div>\n<\/div>\n<\/div><\/div><\/div><\/div><\/div><div class=\"fusion-fullwidth fullwidth-box fusion-builder-row-5 fusion-flex-container nonhundred-percent-fullwidth non-hundred-percent-height-scrolling fusion-animated\" style=\"--awb-border-radius-top-left:0px;--awb-border-radius-top-right:0px;--awb-border-radius-bottom-right:0px;--awb-border-radius-bottom-left:0px;--awb-padding-top:91px;--awb-padding-bottom:0px;--awb-padding-top-medium:90px;--awb-padding-bottom-medium:90px;--awb-padding-bottom-small:0px;--awb-background-color:var(--awb-color1);--awb-flex-wrap:wrap;\" data-animationType=\"fadeInUp\" data-animationDuration=\"0.8\" data-animationOffset=\"top-into-view\" ><div class=\"fusion-builder-row fusion-row fusion-flex-align-items-stretch fusion-flex-justify-content-center fusion-flex-content-wrap\" style=\"max-width:calc( 1200px + 30px );margin-left: calc(-30px \/ 2 );margin-right: calc(-30px \/ 2 );\"><div class=\"fusion-layout-column fusion_builder_column fusion-builder-column-4 fusion_builder_column_1_1 1_1 fusion-flex-column fusion-flex-align-self-flex-start fusion-column-no-min-height fusion-animated\" style=\"--awb-bg-blend:overlay;--awb-bg-size:cover;--awb-width-large:100%;--awb-margin-top-large:0px;--awb-spacing-right-large:15px;--awb-margin-bottom-large:60px;--awb-spacing-left-large:15px;--awb-width-medium:80%;--awb-spacing-right-medium:15px;--awb-spacing-left-medium:15px;--awb-width-small:100%;--awb-spacing-right-small:15px;--awb-spacing-left-small:15px;\" data-animationType=\"fadeIn\" data-animationDuration=\"0.8\" data-animationOffset=\"top-into-view\"><div class=\"fusion-column-wrapper fusion-flex-justify-content-flex-start fusion-content-layout-column\"><div class=\"fusion-title title fusion-title-4 fusion-sep-none fusion-title-center fusion-title-text fusion-title-size-two\" style=\"--awb-margin-right:20px;--awb-margin-bottom:0px;--awb-margin-left:20px;--awb-margin-top-small:10px;--awb-margin-right-small:0px;--awb-margin-bottom-small:10px;--awb-margin-left-small:0px;--awb-font-size:35px;\"><h2 class=\"fusion-title-heading title-heading-center\" style=\"font-family:&quot;Lato&quot;;font-style:normal;font-weight:700;margin:0;text-transform:var(--awb-typography2-text-transform);font-size:1em;line-height:1.6;\"><div class=\"page\" title=\"Page 1\">\n<div class=\"section\">\n<div class=\"layoutArea\">\n<div class=\"column\">\n<h2>Quins so\u0301n els avantatges d\u2019una Passivhaus?<\/h2>\n<\/div>\n<\/div>\n<\/div>\n<\/div><\/h2><\/div><\/div><\/div><div class=\"fusion-layout-column fusion_builder_column fusion-builder-column-5 fusion_builder_column_1_3 1_3 fusion-flex-column fusion-animated\" style=\"--awb-bg-blend:overlay;--awb-bg-size:cover;--awb-transform:translateY(0px);--awb-transform-hover:translateY(-5px);--awb-width-large:33.333333333333%;--awb-margin-top-large:0px;--awb-spacing-right-large:15px;--awb-margin-bottom-large:110px;--awb-spacing-left-large:7.5px;--awb-width-medium:33.333333333333%;--awb-spacing-right-medium:15px;--awb-margin-bottom-medium:70px;--awb-spacing-left-medium:7.5px;--awb-width-small:100%;--awb-spacing-right-small:15px;--awb-spacing-left-small:7.5px;\" data-animationType=\"fadeInUp\" data-animationDuration=\"0.8\" data-animationOffset=\"top-into-view\"><div class=\"fusion-column-wrapper fusion-column-has-shadow fusion-flex-justify-content-flex-start fusion-content-layout-column\"><div class=\"fusion-image-element \" style=\"text-align:center;--awb-aspect-ratio:1 \/ 1;--awb-max-width:150px;--awb-caption-title-font-family:var(--h2_typography-font-family);--awb-caption-title-font-weight:var(--h2_typography-font-weight);--awb-caption-title-font-style:var(--h2_typography-font-style);--awb-caption-title-size:var(--h2_typography-font-size);--awb-caption-title-transform:var(--h2_typography-text-transform);--awb-caption-title-line-height:var(--h2_typography-line-height);--awb-caption-title-letter-spacing:var(--h2_typography-letter-spacing);\"><div style=\"display:inline-block;width:150px;\"><span class=\" fusion-imageframe imageframe-none imageframe-1 hover-type-none has-aspect-ratio\"><img decoding=\"async\" width=\"925\" height=\"925\" alt=\"benestar higrotermic\" title=\"benestar higrotermic\" src=\"https:\/\/behaus.studio\/wp-content\/uploads\/2023\/09\/benestar-higrotermic.png\" data-orig-src=\"https:\/\/behaus.studio\/wp-content\/uploads\/2023\/09\/benestar-higrotermic.png\" class=\"lazyload img-responsive wp-image-3997 img-with-aspect-ratio\" data-parent-fit=\"cover\" data-parent-container=\".fusion-image-element\" srcset=\"data:image\/svg+xml,%3Csvg%20xmlns%3D%27http%3A%2F%2Fwww.w3.org%2F2000%2Fsvg%27%20width%3D%27925%27%20height%3D%27925%27%20viewBox%3D%270%200%20925%20925%27%3E%3Crect%20width%3D%27925%27%20height%3D%27925%27%20fill-opacity%3D%220%22%2F%3E%3C%2Fsvg%3E\" data-srcset=\"https:\/\/behaus.studio\/wp-content\/uploads\/2023\/09\/benestar-higrotermic-200x200.png 200w, https:\/\/behaus.studio\/wp-content\/uploads\/2023\/09\/benestar-higrotermic-400x400.png 400w, https:\/\/behaus.studio\/wp-content\/uploads\/2023\/09\/benestar-higrotermic-600x600.png 600w, https:\/\/behaus.studio\/wp-content\/uploads\/2023\/09\/benestar-higrotermic-800x800.png 800w, https:\/\/behaus.studio\/wp-content\/uploads\/2023\/09\/benestar-higrotermic.png 925w\" data-sizes=\"auto\" data-orig-sizes=\"(max-width: 700px) 100vw, 400px\" \/><\/span><\/div><\/div><div class=\"fusion-title title fusion-title-5 fusion-sep-none fusion-title-center fusion-title-text fusion-title-size-four\" style=\"--awb-margin-top:25px;--awb-margin-top-small:10px;--awb-margin-right-small:0px;--awb-margin-bottom-small:10px;--awb-margin-left-small:0px;--awb-font-size:18px;\"><h4 class=\"fusion-title-heading title-heading-center\" style=\"font-family:var(--awb-typography2-font-family);font-weight:var(--awb-typography2-font-weight);font-style:var(--awb-typography2-font-style);margin:0;letter-spacing:var(--awb-typography2-letter-spacing);text-transform:var(--awb-typography2-text-transform);font-size:1em;line-height:var(--awb-typography2-line-height);\"><p style=\"text-align: center;\">Benestar higrot\u00e8rmic<\/p><\/h4><\/div><div class=\"fusion-text fusion-text-3\" style=\"--awb-content-alignment:left;\"><p class=\"p1\" style=\"text-align: center;\">Temperatures mitjanes constants de 20\u00baC a l\u2019hivern i 25\u00baC a l\u2019estiu<\/p>\n<\/div><\/div><\/div><div class=\"fusion-layout-column fusion_builder_column fusion-builder-column-6 fusion_builder_column_1_3 1_3 fusion-flex-column fusion-animated\" style=\"--awb-bg-blend:overlay;--awb-bg-size:cover;--awb-transform:translateY(0px);--awb-transform-hover:translateY(-5px);--awb-width-large:33.333333333333%;--awb-margin-top-large:0px;--awb-spacing-right-large:15px;--awb-margin-bottom-large:110px;--awb-spacing-left-large:7.5px;--awb-width-medium:33.333333333333%;--awb-spacing-right-medium:15px;--awb-margin-bottom-medium:70px;--awb-spacing-left-medium:7.5px;--awb-width-small:100%;--awb-spacing-right-small:15px;--awb-spacing-left-small:7.5px;\" data-animationType=\"fadeInUp\" data-animationDuration=\"0.8\" data-animationOffset=\"top-into-view\"><div class=\"fusion-column-wrapper fusion-column-has-shadow fusion-flex-justify-content-flex-start fusion-content-layout-column\"><div class=\"fusion-image-element \" style=\"text-align:center;--awb-aspect-ratio:1 \/ 1;--awb-max-width:150px;--awb-caption-title-font-family:var(--h2_typography-font-family);--awb-caption-title-font-weight:var(--h2_typography-font-weight);--awb-caption-title-font-style:var(--h2_typography-font-style);--awb-caption-title-size:var(--h2_typography-font-size);--awb-caption-title-transform:var(--h2_typography-text-transform);--awb-caption-title-line-height:var(--h2_typography-line-height);--awb-caption-title-letter-spacing:var(--h2_typography-letter-spacing);\"><div style=\"display:inline-block;width:150px;\"><span class=\" fusion-imageframe imageframe-none imageframe-2 hover-type-none has-aspect-ratio\"><img decoding=\"async\" width=\"925\" height=\"925\" title=\"estalvi energetic\" src=\"https:\/\/behaus.studio\/wp-content\/uploads\/2023\/09\/estalvi-energetic.png\" data-orig-src=\"https:\/\/behaus.studio\/wp-content\/uploads\/2023\/09\/estalvi-energetic.png\" class=\"lazyload img-responsive wp-image-3999 img-with-aspect-ratio\" data-parent-fit=\"cover\" data-parent-container=\".fusion-image-element\" alt srcset=\"data:image\/svg+xml,%3Csvg%20xmlns%3D%27http%3A%2F%2Fwww.w3.org%2F2000%2Fsvg%27%20width%3D%27925%27%20height%3D%27925%27%20viewBox%3D%270%200%20925%20925%27%3E%3Crect%20width%3D%27925%27%20height%3D%27925%27%20fill-opacity%3D%220%22%2F%3E%3C%2Fsvg%3E\" data-srcset=\"https:\/\/behaus.studio\/wp-content\/uploads\/2023\/09\/estalvi-energetic-200x200.png 200w, https:\/\/behaus.studio\/wp-content\/uploads\/2023\/09\/estalvi-energetic-400x400.png 400w, https:\/\/behaus.studio\/wp-content\/uploads\/2023\/09\/estalvi-energetic-600x600.png 600w, https:\/\/behaus.studio\/wp-content\/uploads\/2023\/09\/estalvi-energetic-800x800.png 800w, https:\/\/behaus.studio\/wp-content\/uploads\/2023\/09\/estalvi-energetic.png 925w\" data-sizes=\"auto\" data-orig-sizes=\"(max-width: 700px) 100vw, 400px\" \/><\/span><\/div><\/div><div class=\"fusion-title title fusion-title-6 fusion-sep-none fusion-title-center fusion-title-text fusion-title-size-four\" style=\"--awb-margin-top:25px;--awb-margin-top-small:10px;--awb-margin-right-small:0px;--awb-margin-bottom-small:10px;--awb-margin-left-small:0px;--awb-font-size:18px;\"><h4 class=\"fusion-title-heading title-heading-center\" style=\"font-family:var(--awb-typography2-font-family);font-weight:var(--awb-typography2-font-weight);font-style:var(--awb-typography2-font-style);margin:0;letter-spacing:var(--awb-typography2-letter-spacing);text-transform:var(--awb-typography2-text-transform);font-size:1em;line-height:var(--awb-typography2-line-height);\"><p style=\"text-align: center;\">Estalvi energ\u00e8tic i econ\u00f2mic<\/p><\/h4><\/div><div class=\"fusion-text fusion-text-4\" style=\"--awb-content-alignment:left;\"><p class=\"p1\" style=\"text-align: center;\">M\u00ednima hipoteca energ\u00e8tica gr\u00e0cies a l\u2019efici\u00e8ncia de l\u2019edifici<\/p>\n<\/div><\/div><\/div><div class=\"fusion-layout-column fusion_builder_column fusion-builder-column-7 fusion_builder_column_1_3 1_3 fusion-flex-column fusion-animated\" style=\"--awb-bg-blend:overlay;--awb-bg-size:cover;--awb-transform:translateY(0px);--awb-transform-hover:translateY(-5px);--awb-width-large:33.333333333333%;--awb-margin-top-large:0px;--awb-spacing-right-large:15px;--awb-margin-bottom-large:110px;--awb-spacing-left-large:7.5px;--awb-width-medium:33.333333333333%;--awb-spacing-right-medium:15px;--awb-margin-bottom-medium:70px;--awb-spacing-left-medium:7.5px;--awb-width-small:100%;--awb-spacing-right-small:15px;--awb-spacing-left-small:7.5px;\" data-animationType=\"fadeInUp\" data-animationDuration=\"0.8\" data-animationOffset=\"top-into-view\"><div class=\"fusion-column-wrapper fusion-column-has-shadow fusion-flex-justify-content-flex-start fusion-content-layout-column\"><div class=\"fusion-image-element \" style=\"text-align:center;--awb-aspect-ratio:1 \/ 1;--awb-max-width:150px;--awb-caption-title-font-family:var(--h2_typography-font-family);--awb-caption-title-font-weight:var(--h2_typography-font-weight);--awb-caption-title-font-style:var(--h2_typography-font-style);--awb-caption-title-size:var(--h2_typography-font-size);--awb-caption-title-transform:var(--h2_typography-text-transform);--awb-caption-title-line-height:var(--h2_typography-line-height);--awb-caption-title-letter-spacing:var(--h2_typography-letter-spacing);\"><div style=\"display:inline-block;width:150px;\"><span class=\" fusion-imageframe imageframe-none imageframe-3 hover-type-none has-aspect-ratio\"><img decoding=\"async\" width=\"925\" height=\"925\" title=\"aillament acustic\" src=\"https:\/\/behaus.studio\/wp-content\/uploads\/2023\/09\/aillament-acustic.png\" data-orig-src=\"https:\/\/behaus.studio\/wp-content\/uploads\/2023\/09\/aillament-acustic.png\" class=\"lazyload img-responsive wp-image-4003 img-with-aspect-ratio\" data-parent-fit=\"cover\" data-parent-container=\".fusion-image-element\" alt srcset=\"data:image\/svg+xml,%3Csvg%20xmlns%3D%27http%3A%2F%2Fwww.w3.org%2F2000%2Fsvg%27%20width%3D%27925%27%20height%3D%27925%27%20viewBox%3D%270%200%20925%20925%27%3E%3Crect%20width%3D%27925%27%20height%3D%27925%27%20fill-opacity%3D%220%22%2F%3E%3C%2Fsvg%3E\" data-srcset=\"https:\/\/behaus.studio\/wp-content\/uploads\/2023\/09\/aillament-acustic-200x200.png 200w, https:\/\/behaus.studio\/wp-content\/uploads\/2023\/09\/aillament-acustic-400x400.png 400w, https:\/\/behaus.studio\/wp-content\/uploads\/2023\/09\/aillament-acustic-600x600.png 600w, https:\/\/behaus.studio\/wp-content\/uploads\/2023\/09\/aillament-acustic-800x800.png 800w, https:\/\/behaus.studio\/wp-content\/uploads\/2023\/09\/aillament-acustic.png 925w\" data-sizes=\"auto\" data-orig-sizes=\"(max-width: 700px) 100vw, 400px\" \/><\/span><\/div><\/div><div class=\"fusion-title title fusion-title-7 fusion-sep-none fusion-title-center fusion-title-text fusion-title-size-four\" style=\"--awb-margin-top:25px;--awb-margin-top-small:10px;--awb-margin-right-small:0px;--awb-margin-bottom-small:10px;--awb-margin-left-small:0px;--awb-font-size:18px;\"><h4 class=\"fusion-title-heading title-heading-center\" style=\"font-family:var(--awb-typography2-font-family);font-weight:var(--awb-typography2-font-weight);font-style:var(--awb-typography2-font-style);margin:0;letter-spacing:var(--awb-typography2-letter-spacing);text-transform:var(--awb-typography2-text-transform);font-size:1em;line-height:var(--awb-typography2-line-height);\"><p style=\"text-align: center;\">Excel\u00b7lent a\u00efllament ac\u00fastic<\/p><\/h4><\/div><div class=\"fusion-text fusion-text-5\" style=\"--awb-content-alignment:left;\"><p class=\"p1\" style=\"text-align: center;\">Sensaci\u00f3 de calma i silenci a l\u2019interior independentment dels ve\u00efns o l\u2019entorn<\/p>\n<\/div><\/div><\/div><div class=\"fusion-layout-column fusion_builder_column fusion-builder-column-8 fusion_builder_column_1_3 1_3 fusion-flex-column fusion-animated\" style=\"--awb-bg-blend:overlay;--awb-bg-size:cover;--awb-transform:translateY(0px);--awb-transform-hover:translateY(-5px);--awb-width-large:33.333333333333%;--awb-margin-top-large:0px;--awb-spacing-right-large:15px;--awb-margin-bottom-large:110px;--awb-spacing-left-large:7.5px;--awb-width-medium:33.333333333333%;--awb-spacing-right-medium:15px;--awb-margin-bottom-medium:70px;--awb-spacing-left-medium:7.5px;--awb-width-small:100%;--awb-spacing-right-small:15px;--awb-spacing-left-small:7.5px;\" data-animationType=\"fadeInUp\" data-animationDuration=\"0.8\" data-animationOffset=\"top-into-view\"><div class=\"fusion-column-wrapper fusion-column-has-shadow fusion-flex-justify-content-flex-start fusion-content-layout-column\"><div class=\"fusion-image-element \" style=\"text-align:center;--awb-aspect-ratio:1 \/ 1;--awb-max-width:150px;--awb-caption-title-font-family:var(--h2_typography-font-family);--awb-caption-title-font-weight:var(--h2_typography-font-weight);--awb-caption-title-font-style:var(--h2_typography-font-style);--awb-caption-title-size:var(--h2_typography-font-size);--awb-caption-title-transform:var(--h2_typography-text-transform);--awb-caption-title-line-height:var(--h2_typography-line-height);--awb-caption-title-letter-spacing:var(--h2_typography-letter-spacing);\"><div style=\"display:inline-block;width:150px;\"><span class=\" fusion-imageframe imageframe-none imageframe-4 hover-type-none has-aspect-ratio\"><img decoding=\"async\" width=\"925\" height=\"925\" title=\"baix impacte ambiental\" src=\"https:\/\/behaus.studio\/wp-content\/uploads\/2023\/09\/baix-impacte-ambiental.png\" data-orig-src=\"https:\/\/behaus.studio\/wp-content\/uploads\/2023\/09\/baix-impacte-ambiental.png\" class=\"lazyload img-responsive wp-image-4005 img-with-aspect-ratio\" data-parent-fit=\"cover\" data-parent-container=\".fusion-image-element\" alt srcset=\"data:image\/svg+xml,%3Csvg%20xmlns%3D%27http%3A%2F%2Fwww.w3.org%2F2000%2Fsvg%27%20width%3D%27925%27%20height%3D%27925%27%20viewBox%3D%270%200%20925%20925%27%3E%3Crect%20width%3D%27925%27%20height%3D%27925%27%20fill-opacity%3D%220%22%2F%3E%3C%2Fsvg%3E\" data-srcset=\"https:\/\/behaus.studio\/wp-content\/uploads\/2023\/09\/baix-impacte-ambiental-200x200.png 200w, https:\/\/behaus.studio\/wp-content\/uploads\/2023\/09\/baix-impacte-ambiental-400x400.png 400w, https:\/\/behaus.studio\/wp-content\/uploads\/2023\/09\/baix-impacte-ambiental-600x600.png 600w, https:\/\/behaus.studio\/wp-content\/uploads\/2023\/09\/baix-impacte-ambiental-800x800.png 800w, https:\/\/behaus.studio\/wp-content\/uploads\/2023\/09\/baix-impacte-ambiental.png 925w\" data-sizes=\"auto\" data-orig-sizes=\"(max-width: 700px) 100vw, 400px\" \/><\/span><\/div><\/div><div class=\"fusion-title title fusion-title-8 fusion-sep-none fusion-title-center fusion-title-text fusion-title-size-four\" style=\"--awb-margin-top:25px;--awb-margin-top-small:10px;--awb-margin-right-small:0px;--awb-margin-bottom-small:10px;--awb-margin-left-small:0px;--awb-font-size:18px;\"><h4 class=\"fusion-title-heading title-heading-center\" style=\"font-family:var(--awb-typography2-font-family);font-weight:var(--awb-typography2-font-weight);font-style:var(--awb-typography2-font-style);margin:0;letter-spacing:var(--awb-typography2-letter-spacing);text-transform:var(--awb-typography2-text-transform);font-size:1em;line-height:var(--awb-typography2-line-height);\"><p style=\"text-align: center;\">Baix impacte ambiental<\/p><\/h4><\/div><div class=\"fusion-text fusion-text-6\" style=\"--awb-content-alignment:left;\"><p class=\"p1\" style=\"text-align: center;\">Emissions de climatitzaci\u00f3 molt redu\u00efdes en relaci\u00f3 a la resta d\u2019edificis<\/p>\n<\/div><\/div><\/div><div class=\"fusion-layout-column fusion_builder_column fusion-builder-column-9 fusion_builder_column_1_3 1_3 fusion-flex-column fusion-animated\" style=\"--awb-bg-blend:overlay;--awb-bg-size:cover;--awb-transform:translateY(0px);--awb-transform-hover:translateY(-5px);--awb-width-large:33.333333333333%;--awb-margin-top-large:0px;--awb-spacing-right-large:15px;--awb-margin-bottom-large:110px;--awb-spacing-left-large:7.5px;--awb-width-medium:33.333333333333%;--awb-spacing-right-medium:15px;--awb-margin-bottom-medium:70px;--awb-spacing-left-medium:7.5px;--awb-width-small:50%;--awb-spacing-right-small:15px;--awb-spacing-left-small:7.5px;\" data-animationType=\"fadeInUp\" data-animationDuration=\"0.8\" data-animationOffset=\"top-into-view\"><div class=\"fusion-column-wrapper fusion-column-has-shadow fusion-flex-justify-content-flex-start fusion-content-layout-column\"><div class=\"fusion-image-element \" style=\"text-align:center;--awb-aspect-ratio:1 \/ 1;--awb-max-width:150px;--awb-caption-title-font-family:var(--h2_typography-font-family);--awb-caption-title-font-weight:var(--h2_typography-font-weight);--awb-caption-title-font-style:var(--h2_typography-font-style);--awb-caption-title-size:var(--h2_typography-font-size);--awb-caption-title-transform:var(--h2_typography-text-transform);--awb-caption-title-line-height:var(--h2_typography-line-height);--awb-caption-title-letter-spacing:var(--h2_typography-letter-spacing);\"><div style=\"display:inline-block;width:150px;\"><span class=\" fusion-imageframe imageframe-none imageframe-5 hover-type-none has-aspect-ratio\"><img decoding=\"async\" width=\"925\" height=\"925\" alt=\"valor de la propietat\" title=\"valor de la propietat\" src=\"https:\/\/behaus.studio\/wp-content\/uploads\/2023\/09\/valor-de-la-propietat.png\" data-orig-src=\"https:\/\/behaus.studio\/wp-content\/uploads\/2023\/09\/valor-de-la-propietat.png\" class=\"lazyload img-responsive wp-image-4007 img-with-aspect-ratio\" data-parent-fit=\"cover\" data-parent-container=\".fusion-image-element\" srcset=\"data:image\/svg+xml,%3Csvg%20xmlns%3D%27http%3A%2F%2Fwww.w3.org%2F2000%2Fsvg%27%20width%3D%27925%27%20height%3D%27925%27%20viewBox%3D%270%200%20925%20925%27%3E%3Crect%20width%3D%27925%27%20height%3D%27925%27%20fill-opacity%3D%220%22%2F%3E%3C%2Fsvg%3E\" data-srcset=\"https:\/\/behaus.studio\/wp-content\/uploads\/2023\/09\/valor-de-la-propietat-200x200.png 200w, https:\/\/behaus.studio\/wp-content\/uploads\/2023\/09\/valor-de-la-propietat-400x400.png 400w, https:\/\/behaus.studio\/wp-content\/uploads\/2023\/09\/valor-de-la-propietat-600x600.png 600w, https:\/\/behaus.studio\/wp-content\/uploads\/2023\/09\/valor-de-la-propietat-800x800.png 800w, https:\/\/behaus.studio\/wp-content\/uploads\/2023\/09\/valor-de-la-propietat.png 925w\" data-sizes=\"auto\" data-orig-sizes=\"(max-width: 700px) 100vw, 400px\" \/><\/span><\/div><\/div><div class=\"fusion-title title fusion-title-9 fusion-sep-none fusion-title-center fusion-title-text fusion-title-size-four\" style=\"--awb-margin-top:25px;--awb-margin-top-small:10px;--awb-margin-right-small:0px;--awb-margin-bottom-small:10px;--awb-margin-left-small:0px;--awb-font-size:18px;\"><h4 class=\"fusion-title-heading title-heading-center\" style=\"font-family:var(--awb-typography2-font-family);font-weight:var(--awb-typography2-font-weight);font-style:var(--awb-typography2-font-style);margin:0;letter-spacing:var(--awb-typography2-letter-spacing);text-transform:var(--awb-typography2-text-transform);font-size:1em;line-height:var(--awb-typography2-line-height);\"><p style=\"text-align: center;\">Valor de la propietat<\/p><\/h4><\/div><div class=\"fusion-text fusion-text-7\" style=\"--awb-content-alignment:left;\"><p class=\"p1\" style=\"text-align: center;\">Durabilitat i valor de l\u2019immoble a mig i a llarg termini<\/p>\n<\/div><\/div><\/div><\/div><\/div><div class=\"fusion-fullwidth fullwidth-box fusion-builder-row-6 fusion-flex-container has-pattern-background has-mask-background hundred-percent-fullwidth non-hundred-percent-height-scrolling fusion-no-small-visibility fusion-no-medium-visibility\" style=\"--awb-border-radius-top-left:0px;--awb-border-radius-top-right:0px;--awb-border-radius-bottom-right:0px;--awb-border-radius-bottom-left:0px;--awb-background-color:rgba(0,126,135,0);--awb-flex-wrap:wrap;\" ><div class=\"fusion-builder-row fusion-row fusion-flex-align-items-flex-start fusion-flex-content-wrap\" style=\"width:104% !important;max-width:104% !important;margin-left: calc(-4% \/ 2 );margin-right: calc(-4% \/ 2 );\"><div class=\"fusion-layout-column fusion_builder_column fusion-builder-column-10 fusion_builder_column_1_1 1_1 fusion-flex-column\" style=\"--awb-bg-size:cover;--awb-width-large:100%;--awb-margin-top-large:0px;--awb-spacing-right-large:0%;--awb-margin-bottom-large:0px;--awb-spacing-left-large:0%;--awb-width-medium:100%;--awb-order-medium:0;--awb-spacing-right-medium:0%;--awb-spacing-left-medium:0%;--awb-width-small:100%;--awb-order-small:0;--awb-spacing-right-small:1.92%;--awb-spacing-left-small:1.92%;\"><div class=\"fusion-column-wrapper fusion-column-has-shadow fusion-flex-justify-content-flex-start fusion-content-layout-column\"><div class=\"fusion-text fusion-text-8 fusion-no-small-visibility\"><h2 style=\"text-align: center;\">Coneix els nostres projectes Passivhaus<\/h2>\n<\/div>\t\t\t\t\t<div class=\"fusion-slider-container fusion-slider-sc-slider-passivehaus fusion-slider-38\" style=\"height:650px; max-width:100%;\" data-id=\"38\" data-full_height=\"\">\n\t\t\t\t\t\t<style type=\"text\/css\">.fusion-slider-38 .flex-direction-nav a {width:63px;height:63px;line-height:63px;font-size:20px;}.fusion-slider-38 .flex-control-paging li a {background:rgba(255, 255, 255, 0.6);}.fusion-slider-38 .flex-control-paging li a.flex-active {background:rgba(255, 255, 255, 1);}<\/style>\t\t\t\t\t\t<div class=\"fusion-slider-loading\">Loading...<\/div>\n\t\t\t\t\t\t<div class=\"tfs-slider flexslider main-flex\" data-slider_width=\"100%\" data-slider_height=\"650px\" data-full_screen=\"1\" data-parallax=\"0\" data-slider_indicator=\"pagination_circles\" data-nav_arrows=\"1\" data-nav_arrow_size=\"20px\" data-nav_box_width=\"63px\" data-nav_box_height=\"63px\" data-slideshow_speed=\"3000\" data-loop=\"1\" data-autoplay=\"1\" data-orderby=\"title\" data-order=\"ASC\" data-animation=\"fade\" data-animation_speed=\"600\" data-typo_sensitivity=\"1\" data-typo_factor=\"1.5\" style=\"max-width:100%;\">\n\t\t\t\t\t\t\t<ul class=\"slides\">\n\t\t\t\t\t\t\t\t\t\t\t\t\t\t\t\t\t<li data-mute=\"yes\" data-loop=\"yes\" data-autoplay=\"yes\">\n\t\t\t\t\t\t\t\t\t\t<div class=\"slide-content-container slide-content-center\" style=\"display: none;\">\n\t\t\t\t\t\t\t\t\t\t\t<div class=\"slide-content\" style=\"\">\n\t\t\t\t\t\t\t\t\t\t\t\t\t\t\t\t\t\t\t\t\t\t\t\t\t\t\t\t\t\t\t\t\t\t\t\t\t\t\t\t\t\t\t\t\t\t\t\t\t<div class=\"buttons\" >\n\t\t\t\t\t\t\t\t\t\t\t\t\t\t\t\t\t\t\t\t\t\t\t\t\t\t\t\t\t<div class=\"tfs-button-1\"><div ><a class=\"fusion-button button-flat fusion-button-default-size button-default fusion-button-default button-3 fusion-button-default-span fusion-button-default-type\" target=\"_self\" href=\"https:\/\/behaus.studio\/projectes\/\"><span class=\"fusion-button-text awb-button__text awb-button__text--default\">Vull veure tots els projectes de BEHAUS<\/span><\/a><\/div> <\/div>\n\t\t\t\t\t\t\t\t\t\t\t\t\t\t\t\t\t\t\t\t\t\t\t\t\t\t\t\t\t\t\t\t\t\t\t\t\t\t\t\t\t<\/div>\n\t\t\t\t\t\t\t\t\t\t\t\t\t\t\t\t\t\t\t\t\t\t\t<\/div>\n\t\t\t\t\t\t\t\t\t\t<\/div>\n\t\t\t\t\t\t\t\t\t\t\t\t\t\t\t\t\t\t\t\t\t\t\t\t\t\t\t\t\t\t\t\t\t\t\t\t\t\t\t\t<div class=\"background background-image\" style=\"background-image: url(https:\/\/behaus.studio\/wp-content\/uploads\/2023\/05\/2.jpg);max-width:100%;height:650px;filter: progid:DXImageTransform.Microsoft.AlphaImageLoader(src='https:\/\/behaus.studio\/wp-content\/uploads\/2023\/05\/2.jpg', sizingMethod='scale');\" data-imgwidth=\"2200\">\n\t\t\t\t\t\t\t\t\t\t\t\t\t\t\t\t\t\t\t\t\t\t\t\t\t\t\t\t\t\t\t\t\t\t\t\t\t\t\t\t\t\t\t\t\t\t\t\t\t\t\t\t\t\t\t\t\t\t\t\t\t\t\t\t\t\t<\/div>\n\t\t\t\t\t\t\t\t\t<\/li>\n\t\t\t\t\t\t\t\t\t\t\t\t\t\t\t\t\t<li data-mute=\"yes\" data-loop=\"yes\" data-autoplay=\"yes\">\n\t\t\t\t\t\t\t\t\t\t<div class=\"slide-content-container slide-content-center\" style=\"display: none;\">\n\t\t\t\t\t\t\t\t\t\t\t<div class=\"slide-content\" style=\"\">\n\t\t\t\t\t\t\t\t\t\t\t\t\t\t\t\t\t\t\t\t\t\t\t\t\t\t\t\t\t\t\t\t\t\t\t\t\t\t\t\t\t\t\t\t\t\t\t\t\t<div class=\"buttons\" >\n\t\t\t\t\t\t\t\t\t\t\t\t\t\t\t\t\t\t\t\t\t\t\t\t\t\t\t\t\t<div class=\"tfs-button-1\"><div ><a class=\"fusion-button button-flat fusion-button-default-size button-default fusion-button-default button-4 fusion-button-default-span fusion-button-default-type\" target=\"_self\" href=\"https:\/\/behaus.studio\/projectes\/\"><span class=\"fusion-button-text awb-button__text awb-button__text--default\">Vull veure tots els projectes de BEHAUS<\/span><\/a><\/div> <\/div>\n\t\t\t\t\t\t\t\t\t\t\t\t\t\t\t\t\t\t\t\t\t\t\t\t\t\t\t\t\t\t\t\t\t\t\t\t\t\t\t\t\t<\/div>\n\t\t\t\t\t\t\t\t\t\t\t\t\t\t\t\t\t\t\t\t\t\t\t<\/div>\n\t\t\t\t\t\t\t\t\t\t<\/div>\n\t\t\t\t\t\t\t\t\t\t\t\t\t\t\t\t\t\t\t\t\t\t\t\t\t\t\t\t\t\t\t\t\t\t\t\t\t\t\t\t<div class=\"background background-image\" style=\"background-image: url(https:\/\/behaus.studio\/wp-content\/uploads\/2023\/05\/3.jpg);max-width:100%;height:650px;filter: progid:DXImageTransform.Microsoft.AlphaImageLoader(src='https:\/\/behaus.studio\/wp-content\/uploads\/2023\/05\/3.jpg', sizingMethod='scale');\" data-imgwidth=\"2200\">\n\t\t\t\t\t\t\t\t\t\t\t\t\t\t\t\t\t\t\t\t\t\t\t\t\t\t\t\t\t\t\t\t\t\t\t\t\t\t\t\t\t\t\t\t\t\t\t\t\t\t\t\t\t\t\t\t\t\t\t\t\t\t\t\t\t\t<\/div>\n\t\t\t\t\t\t\t\t\t<\/li>\n\t\t\t\t\t\t\t\t\t\t\t\t\t\t\t\t\t<li data-mute=\"yes\" data-loop=\"yes\" data-autoplay=\"yes\">\n\t\t\t\t\t\t\t\t\t\t<div class=\"slide-content-container slide-content-center\" style=\"display: none;\">\n\t\t\t\t\t\t\t\t\t\t\t<div class=\"slide-content\" style=\"\">\n\t\t\t\t\t\t\t\t\t\t\t\t\t\t\t\t\t\t\t\t\t\t\t\t\t\t\t\t\t\t\t\t\t\t\t\t\t\t\t\t\t\t\t\t\t\t\t\t\t<div class=\"buttons\" >\n\t\t\t\t\t\t\t\t\t\t\t\t\t\t\t\t\t\t\t\t\t\t\t\t\t\t\t\t\t<div class=\"tfs-button-1\"><div ><a class=\"fusion-button button-flat fusion-button-default-size button-default fusion-button-default button-5 fusion-button-default-span fusion-button-default-type\" target=\"_self\" href=\"https:\/\/behaus.studio\/projectes\/\"><span class=\"fusion-button-text awb-button__text awb-button__text--default\">Vull veure tots els projectes de BEHAUS<\/span><\/a><\/div> <\/div>\n\t\t\t\t\t\t\t\t\t\t\t\t\t\t\t\t\t\t\t\t\t\t\t\t\t\t\t\t\t\t\t\t\t\t\t\t\t\t\t\t\t<\/div>\n\t\t\t\t\t\t\t\t\t\t\t\t\t\t\t\t\t\t\t\t\t\t\t<\/div>\n\t\t\t\t\t\t\t\t\t\t<\/div>\n\t\t\t\t\t\t\t\t\t\t\t\t\t\t\t\t\t\t\t\t\t\t\t\t\t\t\t\t\t\t\t\t\t\t\t\t\t\t\t\t<div class=\"background background-image\" style=\"background-image: url(https:\/\/behaus.studio\/wp-content\/uploads\/2023\/05\/1.jpg);max-width:100%;height:650px;filter: progid:DXImageTransform.Microsoft.AlphaImageLoader(src='https:\/\/behaus.studio\/wp-content\/uploads\/2023\/05\/1.jpg', sizingMethod='scale');\" data-imgwidth=\"2200\">\n\t\t\t\t\t\t\t\t\t\t\t\t\t\t\t\t\t\t\t\t\t\t\t\t\t\t\t\t\t\t\t\t\t\t\t\t\t\t\t\t\t\t\t\t\t\t\t\t\t\t\t\t\t\t\t\t\t\t\t\t\t\t\t\t\t\t<\/div>\n\t\t\t\t\t\t\t\t\t<\/li>\n\t\t\t\t\t\t\t\t\t\t\t\t\t\t\t\t\t\t\t\t\t\t\t<\/ul>\n\t\t\t\t\t\t<\/div>\n\t\t\t\t\t<\/div>\n\t\t\t\t\t\t\t\t<\/div><\/div><\/div><\/div><div class=\"fusion-fullwidth fullwidth-box fusion-builder-row-7 fusion-flex-container has-pattern-background has-mask-background nonhundred-percent-fullwidth non-hundred-percent-height-scrolling\" style=\"--awb-border-radius-top-left:0px;--awb-border-radius-top-right:0px;--awb-border-radius-bottom-right:0px;--awb-border-radius-bottom-left:0px;--awb-flex-wrap:wrap;\" ><div class=\"fusion-builder-row fusion-row fusion-flex-align-items-flex-start fusion-flex-content-wrap\" style=\"max-width:1248px;margin-left: calc(-4% \/ 2 );margin-right: calc(-4% \/ 2 );\"><div class=\"fusion-layout-column fusion_builder_column fusion-builder-column-11 fusion_builder_column_1_1 1_1 fusion-flex-column\" style=\"--awb-bg-size:cover;--awb-width-large:100%;--awb-margin-top-large:0px;--awb-spacing-right-large:1.92%;--awb-margin-bottom-large:20px;--awb-spacing-left-large:1.92%;--awb-width-medium:100%;--awb-order-medium:0;--awb-spacing-right-medium:1.92%;--awb-spacing-left-medium:1.92%;--awb-width-small:100%;--awb-order-small:0;--awb-spacing-right-small:1.92%;--awb-spacing-left-small:1.92%;\"><div class=\"fusion-column-wrapper fusion-column-has-shadow fusion-flex-justify-content-flex-start fusion-content-layout-column\"><div class=\"fusion-text fusion-text-9 fusion-no-medium-visibility fusion-no-large-visibility\"><h2 style=\"text-align: center;\">Coneix els nostres projectes Passivhaus<\/h2>\n<\/div>\t\t\t\t\t<div class=\"fusion-slider-container fusion-slider-sc-slider-passivehaus-mbl fusion-no-large-visibility fusion-slider-40 full-width-slider\" style=\"height:100%; max-width:100%;\" data-id=\"40\" data-full_height=\"\">\n\t\t\t\t\t\t<style type=\"text\/css\">.fusion-slider-40 .flex-direction-nav a {width:63px;height:63px;line-height:63px;font-size:20px;}.fusion-slider-40 .flex-control-paging li a {background:rgba(255, 255, 255, 0.6);}.fusion-slider-40 .flex-control-paging li a.flex-active {background:rgba(255, 255, 255, 1);}<\/style>\t\t\t\t\t\t<div class=\"fusion-slider-loading\">Loading...<\/div>\n\t\t\t\t\t\t<div class=\"tfs-slider flexslider main-flex full-width-slider\" data-slider_width=\"100%\" data-slider_height=\"100%\" data-full_screen=\"0\" data-parallax=\"0\" data-slider_indicator=\"pagination_circles\" data-nav_arrows=\"1\" data-nav_arrow_size=\"20px\" data-nav_box_width=\"63px\" data-nav_box_height=\"63px\" data-slideshow_speed=\"3000\" data-loop=\"1\" data-autoplay=\"1\" data-orderby=\"title\" data-order=\"ASC\" data-animation=\"fade\" data-animation_speed=\"600\" data-typo_sensitivity=\"1\" data-typo_factor=\"1.5\" style=\"max-width:100%;\">\n\t\t\t\t\t\t\t<ul class=\"slides\">\n\t\t\t\t\t\t\t\t\t\t\t\t\t\t\t\t\t<li data-mute=\"yes\" data-loop=\"yes\" data-autoplay=\"yes\">\n\t\t\t\t\t\t\t\t\t\t<div class=\"slide-content-container slide-content-center\" style=\"display: none;\">\n\t\t\t\t\t\t\t\t\t\t\t<div class=\"slide-content\" style=\"\">\n\t\t\t\t\t\t\t\t\t\t\t\t\t\t\t\t\t\t\t\t\t\t\t\t\t\t\t\t\t\t\t\t\t\t\t\t\t\t\t\t\t\t\t\t\t\t\t\t\t<div class=\"buttons\" >\n\t\t\t\t\t\t\t\t\t\t\t\t\t\t\t\t\t\t\t\t\t\t\t\t\t\t\t\t\t<div class=\"tfs-button-1\"><div ><a class=\"fusion-button button-flat fusion-button-default-size button-default fusion-button-default button-6 fusion-button-default-span fusion-button-default-type\" target=\"_self\" href=\"https:\/\/behaus.studio\/projectes\/\"><span class=\"fusion-button-text awb-button__text awb-button__text--default\">Veure tots els projectes<\/span><\/a><\/div> <\/div>\n\t\t\t\t\t\t\t\t\t\t\t\t\t\t\t\t\t\t\t\t\t\t\t\t\t\t\t\t\t\t\t\t\t\t\t\t\t\t\t\t\t<\/div>\n\t\t\t\t\t\t\t\t\t\t\t\t\t\t\t\t\t\t\t\t\t\t\t<\/div>\n\t\t\t\t\t\t\t\t\t\t<\/div>\n\t\t\t\t\t\t\t\t\t\t\t\t\t\t\t\t\t\t\t\t\t\t\t\t\t\t\t\t\t\t\t\t\t\t\t\t\t\t\t\t<div class=\"background background-image\" style=\"background-image: url(https:\/\/behaus.studio\/wp-content\/uploads\/2023\/05\/2.jpg);max-width:100%;height:100%;filter: progid:DXImageTransform.Microsoft.AlphaImageLoader(src='https:\/\/behaus.studio\/wp-content\/uploads\/2023\/05\/2.jpg', sizingMethod='scale');\" data-imgwidth=\"2200\">\n\t\t\t\t\t\t\t\t\t\t\t\t\t\t\t\t\t\t\t\t\t\t\t\t\t\t\t\t\t\t\t\t\t\t\t\t\t\t\t\t\t\t\t\t\t\t\t\t\t\t\t\t\t\t\t\t\t\t\t\t\t\t\t\t\t\t<\/div>\n\t\t\t\t\t\t\t\t\t<\/li>\n\t\t\t\t\t\t\t\t\t\t\t\t\t\t\t\t\t<li data-mute=\"yes\" data-loop=\"yes\" data-autoplay=\"yes\">\n\t\t\t\t\t\t\t\t\t\t<div class=\"slide-content-container slide-content-center\" style=\"display: none;\">\n\t\t\t\t\t\t\t\t\t\t\t<div class=\"slide-content\" style=\"\">\n\t\t\t\t\t\t\t\t\t\t\t\t\t\t\t\t\t\t\t\t\t\t\t\t\t\t\t\t\t\t\t\t\t\t\t\t\t\t\t\t\t\t\t\t\t\t\t\t\t<div class=\"buttons\" >\n\t\t\t\t\t\t\t\t\t\t\t\t\t\t\t\t\t\t\t\t\t\t\t\t\t\t\t\t\t<div class=\"tfs-button-1\"><div ><a class=\"fusion-button button-flat fusion-button-default-size button-default fusion-button-default button-7 fusion-button-default-span fusion-button-default-type\" target=\"_self\" href=\"https:\/\/behaus.studio\/projectes\/\"><span class=\"fusion-button-text awb-button__text awb-button__text--default\">Veure tots els projectes <\/span><\/a><\/div> <\/div>\n\t\t\t\t\t\t\t\t\t\t\t\t\t\t\t\t\t\t\t\t\t\t\t\t\t\t\t\t\t\t\t\t\t\t\t\t\t\t\t\t\t<\/div>\n\t\t\t\t\t\t\t\t\t\t\t\t\t\t\t\t\t\t\t\t\t\t\t<\/div>\n\t\t\t\t\t\t\t\t\t\t<\/div>\n\t\t\t\t\t\t\t\t\t\t\t\t\t\t\t\t\t\t\t\t\t\t\t\t\t\t\t\t\t\t\t\t\t\t\t\t\t\t\t\t<div class=\"background background-image\" style=\"background-image: url(https:\/\/behaus.studio\/wp-content\/uploads\/2023\/05\/3.jpg);max-width:100%;height:100%;filter: progid:DXImageTransform.Microsoft.AlphaImageLoader(src='https:\/\/behaus.studio\/wp-content\/uploads\/2023\/05\/3.jpg', sizingMethod='scale');\" data-imgwidth=\"2200\">\n\t\t\t\t\t\t\t\t\t\t\t\t\t\t\t\t\t\t\t\t\t\t\t\t\t\t\t\t\t\t\t\t\t\t\t\t\t\t\t\t\t\t\t\t\t\t\t\t\t\t\t\t\t\t\t\t\t\t\t\t\t\t\t\t\t\t<\/div>\n\t\t\t\t\t\t\t\t\t<\/li>\n\t\t\t\t\t\t\t\t\t\t\t\t\t\t\t\t\t<li data-mute=\"yes\" data-loop=\"yes\" data-autoplay=\"yes\">\n\t\t\t\t\t\t\t\t\t\t<div class=\"slide-content-container slide-content-center\" style=\"display: none;\">\n\t\t\t\t\t\t\t\t\t\t\t<div class=\"slide-content\" style=\"\">\n\t\t\t\t\t\t\t\t\t\t\t\t\t\t\t\t\t\t\t\t\t\t\t\t\t\t\t\t\t\t\t\t\t\t\t\t\t\t\t\t\t\t\t\t\t\t\t\t\t<div class=\"buttons\" >\n\t\t\t\t\t\t\t\t\t\t\t\t\t\t\t\t\t\t\t\t\t\t\t\t\t\t\t\t\t<div class=\"tfs-button-1\"><div ><a class=\"fusion-button button-flat fusion-button-default-size button-default fusion-button-default button-8 fusion-button-default-span fusion-button-default-type\" target=\"_self\" href=\"https:\/\/behaus.studio\/projectes\/\"><span class=\"fusion-button-text awb-button__text awb-button__text--default\">Veure tots els projectes<\/span><\/a><\/div> <\/div>\n\t\t\t\t\t\t\t\t\t\t\t\t\t\t\t\t\t\t\t\t\t\t\t\t\t\t\t\t\t\t\t\t\t\t\t\t\t\t\t\t\t<\/div>\n\t\t\t\t\t\t\t\t\t\t\t\t\t\t\t\t\t\t\t\t\t\t\t<\/div>\n\t\t\t\t\t\t\t\t\t\t<\/div>\n\t\t\t\t\t\t\t\t\t\t\t\t\t\t\t\t\t\t\t\t\t\t\t\t\t\t\t\t\t\t\t\t\t\t\t\t\t\t\t\t<div class=\"background background-image\" style=\"background-image: url(https:\/\/behaus.studio\/wp-content\/uploads\/2023\/05\/1.jpg);max-width:100%;height:100%;filter: progid:DXImageTransform.Microsoft.AlphaImageLoader(src='https:\/\/behaus.studio\/wp-content\/uploads\/2023\/05\/1.jpg', sizingMethod='scale');\" data-imgwidth=\"2200\">\n\t\t\t\t\t\t\t\t\t\t\t\t\t\t\t\t\t\t\t\t\t\t\t\t\t\t\t\t\t\t\t\t\t\t\t\t\t\t\t\t\t\t\t\t\t\t\t\t\t\t\t\t\t\t\t\t\t\t\t\t\t\t\t\t\t\t<\/div>\n\t\t\t\t\t\t\t\t\t<\/li>\n\t\t\t\t\t\t\t\t\t\t\t\t\t\t\t\t\t\t\t\t\t\t\t<\/ul>\n\t\t\t\t\t\t<\/div>\n\t\t\t\t\t<\/div>\n\t\t\t\t\t\t\t\t<\/div><\/div><\/div><\/div><div class=\"fusion-fullwidth fullwidth-box fusion-builder-row-8 fusion-flex-container has-pattern-background has-mask-background nonhundred-percent-fullwidth non-hundred-percent-height-scrolling\" style=\"--awb-background-position:center bottom;--awb-border-sizes-top:0px;--awb-border-sizes-bottom:0px;--awb-border-sizes-left:0px;--awb-border-sizes-right:0px;--awb-border-radius-top-left:0px;--awb-border-radius-top-right:0px;--awb-border-radius-bottom-right:0px;--awb-border-radius-bottom-left:0px;--awb-padding-top:0px;--awb-padding-bottom:55px;--awb-padding-top-medium:90px;--awb-padding-bottom-medium:90px;--awb-margin-top:35px;--awb-margin-bottom-medium:0px;--awb-margin-top-small:50px;--awb-background-color:var(--awb-color2);--awb-background-image:linear-gradient(180deg, rgba(255,255,255,0.71) 0%,rgba(255,255,255,0.71) 100%);--awb-flex-wrap:wrap;\" ><div class=\"fusion-builder-row fusion-row fusion-flex-align-items-flex-end fusion-flex-justify-content-center fusion-flex-content-wrap\" style=\"max-width:calc( 1200px + 80px );margin-left: calc(-80px \/ 2 );margin-right: calc(-80px \/ 2 );\"><div class=\"fusion-layout-column fusion_builder_column fusion-builder-column-12 fusion_builder_column_1_1 1_1 fusion-flex-column\" style=\"--awb-bg-size:cover;--awb-width-large:100%;--awb-margin-top-large:0px;--awb-spacing-right-large:40px;--awb-margin-bottom-large:20px;--awb-spacing-left-large:40px;--awb-width-medium:100%;--awb-order-medium:0;--awb-spacing-right-medium:40px;--awb-spacing-left-medium:40px;--awb-width-small:100%;--awb-order-small:0;--awb-spacing-right-small:40px;--awb-spacing-left-small:40px;\"><div class=\"fusion-column-wrapper fusion-column-has-shadow fusion-flex-justify-content-flex-start fusion-content-layout-column\"><div class=\"fusion-text fusion-text-10 fusion-text-no-margin\" style=\"--awb-margin-top:60px;--awb-margin-right:10PX;--awb-margin-bottom:40px;--awb-margin-left:10px PX;\"><h2 class=\"p1\" style=\"text-align: center;\">Preguntes freq\u00fcents sobre les Passivhaus<span class=\"Apple-converted-space\">\u00a0<\/span><\/h2>\n<\/div><div class=\"accordian fusion-accordian\" style=\"--awb-border-size:1px;--awb-icon-size:16px;--awb-content-font-size:var(--awb-typography4-font-size);--awb-icon-alignment:left;--awb-hover-color:var(--awb-color2);--awb-border-color:var(--awb-color3);--awb-background-color:var(--awb-color1);--awb-divider-color:var(--awb-color3);--awb-divider-hover-color:var(--awb-color3);--awb-icon-color:var(--awb-color1);--awb-title-color:var(--awb-color8);--awb-content-color:var(--awb-color8);--awb-icon-box-color:var(--awb-color8);--awb-toggle-hover-accent-color:var(--awb-color5);--awb-title-font-family:var(--awb-typography1-font-family);--awb-title-font-weight:var(--awb-typography1-font-weight);--awb-title-font-style:var(--awb-typography1-font-style);--awb-title-font-size:24px;--awb-title-letter-spacing:var(--awb-typography1-letter-spacing);--awb-title-line-height:var(--awb-typography1-line-height);--awb-content-font-family:var(--awb-typography4-font-family);--awb-content-font-weight:var(--awb-typography4-font-weight);--awb-content-font-style:var(--awb-typography4-font-style);\"><div class=\"panel-group fusion-toggle-icon-boxed\" id=\"accordion-3986-1\"><div class=\"fusion-panel panel-default panel-f0ced832b586d15f1 fusion-toggle-has-divider\"><div class=\"panel-heading\"><h4 class=\"panel-title toggle\" id=\"toggle_f0ced832b586d15f1\"><a class=\"active\" aria-expanded=\"true\" aria-controls=\"f0ced832b586d15f1\" role=\"button\" data-toggle=\"collapse\" data-parent=\"#accordion-3986-1\" data-target=\"#f0ced832b586d15f1\" href=\"#f0ced832b586d15f1\"><span class=\"fusion-toggle-icon-wrapper\" aria-hidden=\"true\"><i class=\"fa-fusion-box active-icon awb-icon-minus\" aria-hidden=\"true\"><\/i><i class=\"fa-fusion-box inactive-icon awb-icon-plus\" aria-hidden=\"true\"><\/i><\/span><span class=\"fusion-toggle-heading\">S\u00f3n m\u00e9s cares les Passivhaus que les cases convencionals ?<\/span><\/a><\/h4><\/div><div id=\"f0ced832b586d15f1\" class=\"panel-collapse collapse in\" aria-labelledby=\"toggle_f0ced832b586d15f1\"><div class=\"panel-body toggle-content fusion-clearfix\">\n<p class=\"p1\">A causa de les partides destinades a l\u2019a\u00efllament, l\u2019estanque\u00eftat, les finestres i el sistema de ventilaci\u00f3, el sobrecost d\u2019un edifici Passivhaus pot rondar actualment el 5% respecte un edifici convencional. En qualsevol cas, la inversi\u00f3 inicial queda amortitzada en pocs anys gr\u00e0cies a l\u2019enorme estalvi anual en la factura energ\u00e8tica.<span class=\"Apple-converted-space\">\u00a0<\/span><\/p>\n<p class=\"p1\">I \u00e9s que el cost d\u2019un edifici no es redueix al simple fet de construir-lo, sin\u00f3 a totes les despeses associades a la seva fase d\u2019\u00fas i manteniment, que s\u00f3n molt superiors i constitueixen la part submergida de l\u2019iceberg.<\/p>\n<p class=\"p1\">A aix\u00f2 cal sumar-li el b\u00e9 intangible que \u00e9s la qualitat de l\u2019aire interior i els beneficis que aporta a la salut dels usuaris d\u2019una Passivhaus.<\/p>\n<\/div><\/div><\/div><div class=\"fusion-panel panel-default panel-1979a6e37e269f26e fusion-toggle-has-divider\"><div class=\"panel-heading\"><h4 class=\"panel-title toggle\" id=\"toggle_1979a6e37e269f26e\"><a aria-expanded=\"false\" aria-controls=\"1979a6e37e269f26e\" role=\"button\" data-toggle=\"collapse\" data-parent=\"#accordion-3986-1\" data-target=\"#1979a6e37e269f26e\" href=\"#1979a6e37e269f26e\"><span class=\"fusion-toggle-icon-wrapper\" aria-hidden=\"true\"><i class=\"fa-fusion-box active-icon awb-icon-minus\" aria-hidden=\"true\"><\/i><i class=\"fa-fusion-box inactive-icon awb-icon-plus\" aria-hidden=\"true\"><\/i><\/span><span class=\"fusion-toggle-heading\">Un habitatge Passivhaus necessita calefacci\u00f3?<\/span><\/a><\/h4><\/div><div id=\"1979a6e37e269f26e\" class=\"panel-collapse collapse \" aria-labelledby=\"toggle_1979a6e37e269f26e\"><div class=\"panel-body toggle-content fusion-clearfix\">\n<p class=\"p1\">Un habitatge Passivhaus t\u00e9 unes demandes de calefacci\u00f3 i refrigeraci\u00f3 molt redu\u00efdes que en bona part es cobreixen mitjan\u00e7ant l\u2019aire fresc climatitzat que aporta la ventilaci\u00f3 mec\u00e0nica amb recuperador de calor, sumat als propis guanys t\u00e8rmics obtinguts a trav\u00e9s de la pell de l\u2019edifici i dels seus ocupants.<\/p>\n<p class=\"p1\">Addicionalment, per cobrir el pic de demanda dels dies m\u00e9s freds i els m\u00e9s calorosos de l\u2019any, cal un sistema de climatitzaci\u00f3 de baix consum. No obstant, com que la demanda \u00e9s tan baixa, es pot satisfer a trav\u00e9s de sistemes senzills a baixa temperatura, els quals al seu torn poden ser alimentats parcialment o totalment amb energia renovable.<\/p>\n<\/div><\/div><\/div><div class=\"fusion-panel panel-default panel-bce450ba77a014ff1 fusion-toggle-has-divider\"><div class=\"panel-heading\"><h4 class=\"panel-title toggle\" id=\"toggle_bce450ba77a014ff1\"><a aria-expanded=\"false\" aria-controls=\"bce450ba77a014ff1\" role=\"button\" data-toggle=\"collapse\" data-parent=\"#accordion-3986-1\" data-target=\"#bce450ba77a014ff1\" href=\"#bce450ba77a014ff1\"><span class=\"fusion-toggle-icon-wrapper\" aria-hidden=\"true\"><i class=\"fa-fusion-box active-icon awb-icon-minus\" aria-hidden=\"true\"><\/i><i class=\"fa-fusion-box inactive-icon awb-icon-plus\" aria-hidden=\"true\"><\/i><\/span><span class=\"fusion-toggle-heading\">Una Passivhaus ha de ser de fusta?<\/span><\/a><\/h4><\/div><div id=\"bce450ba77a014ff1\" class=\"panel-collapse collapse \" aria-labelledby=\"toggle_bce450ba77a014ff1\"><div class=\"panel-body toggle-content fusion-clearfix\">\n<p class=\"p1\">No. Es poden assolir els requisits de casa passiva amb qualsevol sistema constructiu. \u00c9s cert que un alt percentatge de cases passives est\u00e0 constru\u00eft amb fusta, ja que es tracta d\u2019un material amb excel\u00b7lents qualitats a\u00efllants i de gran resist\u00e8ncia. A m\u00e9s ofereix molts altres avantatges: rapidesa d\u2019execuci\u00f3, control de l\u2019obra, baix impacte ambiental, bon comportament al foc, calidesa, etc.<\/p>\n<p class=\"p1\">En general, els sistemes prefabricats, on les feines s\u2019executen parcialment en un taller amb precisi\u00f3 mil\u00b7lim\u00e8trica, comporten avantatges interessants respecte a la construcci\u00f3 convencional perqu\u00e8 permeten reduir el temps d\u2019obra, construir en sec i generar per tant menys residu, minimitzar errors i controlar millor el pressupost.<\/p>\n<\/div><\/div><\/div><div class=\"fusion-panel panel-default panel-dd9b569faad5dce23 fusion-toggle-has-divider\"><div class=\"panel-heading\"><h4 class=\"panel-title toggle\" id=\"toggle_dd9b569faad5dce23\"><a aria-expanded=\"false\" aria-controls=\"dd9b569faad5dce23\" role=\"button\" data-toggle=\"collapse\" data-parent=\"#accordion-3986-1\" data-target=\"#dd9b569faad5dce23\" href=\"#dd9b569faad5dce23\"><span class=\"fusion-toggle-icon-wrapper\" aria-hidden=\"true\"><i class=\"fa-fusion-box active-icon awb-icon-minus\" aria-hidden=\"true\"><\/i><i class=\"fa-fusion-box inactive-icon awb-icon-plus\" aria-hidden=\"true\"><\/i><\/span><span class=\"fusion-toggle-heading\">Es pot dur a terme una reforma amb criteris Passivhaus?<\/span><\/a><\/h4><\/div><div id=\"dd9b569faad5dce23\" class=\"panel-collapse collapse \" aria-labelledby=\"toggle_dd9b569faad5dce23\"><div class=\"panel-body toggle-content fusion-clearfix\">\n<p class=\"p1\">S\u00ed. Es poden aplicar els mateixos principis a un projecte de reforma per tal de rehabilitar energ\u00e8ticament un habitatge existent. En aquests casos es parla de l\u2019est\u00e0ndard EnerPhit.<\/p>\n<\/div><\/div><\/div><\/div><\/div><\/div><\/div><\/div><\/div><div class=\"fusion-fullwidth fullwidth-box fusion-builder-row-9 fusion-flex-container has-pattern-background has-mask-background fusion-parallax-none nonhundred-percent-fullwidth non-hundred-percent-height-scrolling lazyload\" style=\"--awb-background-position:center bottom;--awb-border-sizes-top:0px;--awb-border-sizes-bottom:0px;--awb-border-sizes-left:0px;--awb-border-sizes-right:0px;--awb-border-radius-top-left:0px;--awb-border-radius-top-right:0px;--awb-border-radius-bottom-right:0px;--awb-border-radius-bottom-left:0px;--awb-padding-top:55px;--awb-padding-bottom:55px;--awb-padding-top-medium:90px;--awb-padding-bottom-medium:90px;--awb-margin-bottom-medium:0px;--awb-margin-top-small:50px;--awb-background-color:var(--awb-color2);--awb-background-image:linear-gradient(180deg, rgba(255,255,255,0.71) 0%,rgba(255,255,255,0.71) 100%);;--awb-background-size:cover;--awb-flex-wrap:wrap;\" data-bg=\"https:\/\/behaus.studio\/wp-content\/uploads\/2023\/05\/47.jpg\" data-bg-gradient=\"linear-gradient(180deg, rgba(255,255,255,0.71) 0%,rgba(255,255,255,0.71) 100%)\" ><div class=\"fusion-builder-row fusion-row fusion-flex-align-items-flex-end fusion-flex-justify-content-center fusion-flex-content-wrap\" style=\"max-width:calc( 1200px + 80px );margin-left: calc(-80px \/ 2 );margin-right: calc(-80px \/ 2 );\"><div class=\"fusion-layout-column fusion_builder_column fusion-builder-column-13 fusion_builder_column_1_1 1_1 fusion-flex-column fusion-flex-align-self-stretch fusion-column-no-min-height fusion-animated\" style=\"--awb-padding-top:45px;--awb-padding-bottom:45px;--awb-padding-right-medium:0px;--awb-padding-left-medium:0px;--awb-bg-blend:overlay;--awb-bg-size:cover;--awb-width-large:100%;--awb-margin-top-large:0px;--awb-spacing-right-large:calc( 0.08 * calc( 100% - 80px ) );--awb-margin-bottom-large:0px;--awb-spacing-left-large:40px;--awb-width-medium:50%;--awb-spacing-right-medium:calc( 0.16 * calc( 100% - 80px ) );--awb-margin-bottom-medium:49px;--awb-spacing-left-medium:40px;--awb-width-small:100%;--awb-spacing-right-small:40px;--awb-margin-bottom-small:20px;--awb-spacing-left-small:40px;\" data-animationType=\"fadeIn\" data-animationDuration=\"0.8\" data-animationOffset=\"top-into-view\"><div class=\"fusion-column-wrapper fusion-flex-justify-content-flex-start fusion-content-layout-column\"><div class=\"fusion-title title fusion-title-10 fusion-sep-none fusion-title-center fusion-title-text fusion-title-size-three\" style=\"--awb-margin-bottom:0px;--awb-margin-top-small:10px;--awb-margin-right-small:0px;--awb-margin-bottom-small:10px;--awb-margin-left-small:0px;--awb-font-size:35px;\"><h3 class=\"fusion-title-heading title-heading-center\" style=\"font-family:var(--awb-typography2-font-family);font-weight:var(--awb-typography2-font-weight);font-style:var(--awb-typography2-font-style);margin:0;letter-spacing:var(--awb-typography2-letter-spacing);text-transform:var(--awb-typography2-text-transform);font-size:1em;line-height:var(--awb-typography2-line-height);\">Vols que ens coneguem i parlem del teu projecte?<\/h3><\/div><div style=\"text-align:center;\"><a class=\"fusion-button button-flat fusion-button-default-size button-default fusion-button-default button-9 fusion-button-default-span fusion-button-default-type\" style=\"--button_margin-top:50px;\" target=\"_self\" href=\"https:\/\/behaus.studio\/contacte\/#formu\"><span class=\"fusion-button-text awb-button__text awb-button__text--default\">Contacta&#8217;ns sense comprom\u00eds<\/span><\/a><\/div><\/div><\/div><\/div><\/div><\/p>\n","protected":false},"excerpt":{"rendered":"","protected":false},"author":3,"featured_media":0,"parent":0,"menu_order":0,"comment_status":"closed","ping_status":"closed","template":"100-width.php","meta":{"footnotes":""},"class_list":["post-3957","page","type-page","status-publish","hentry"],"yoast_head":"<!-- This site is optimized with the Yoast SEO plugin v27.4 - https:\/\/yoast.com\/product\/yoast-seo-wordpress\/ -->\n<title>Passivhaus Girona<\/title>\n<meta name=\"description\" content=\"Qu\u00e8 \u00e9s una casa passiva? En qu\u00e9 m&#039;ajuda una passivhaus? Tot el que necessites saber per tenir una passivhaus a girona.\" \/>\n<meta name=\"robots\" content=\"index, follow, max-snippet:-1, max-image-preview:large, max-video-preview:-1\" \/>\n<link rel=\"canonical\" href=\"https:\/\/behaus.studio\/ca\/passivhaus\/\" \/>\n<meta property=\"og:locale\" content=\"ca_ES\" \/>\n<meta property=\"og:type\" content=\"article\" \/>\n<meta property=\"og:title\" content=\"Passivhaus Girona\" \/>\n<meta property=\"og:description\" content=\"Qu\u00e8 \u00e9s una casa passiva? En qu\u00e9 m&#039;ajuda una passivhaus? Tot el que necessites saber per tenir una passivhaus a girona.\" \/>\n<meta property=\"og:url\" content=\"https:\/\/behaus.studio\/ca\/passivhaus\/\" \/>\n<meta property=\"og:site_name\" content=\"Behaus\" \/>\n<meta property=\"article:modified_time\" content=\"2024-02-21T08:50:31+00:00\" \/>\n<meta name=\"twitter:card\" content=\"summary_large_image\" \/>\n<meta name=\"twitter:label1\" content=\"Temps estimat de lectura\" \/>\n\t<meta name=\"twitter:data1\" content=\"17 minuts\" \/>\n<script type=\"application\/ld+json\" class=\"yoast-schema-graph\">{\"@context\":\"https:\\\/\\\/schema.org\",\"@graph\":[{\"@type\":\"WebPage\",\"@id\":\"https:\\\/\\\/behaus.studio\\\/ca\\\/passivhaus\\\/\",\"url\":\"https:\\\/\\\/behaus.studio\\\/ca\\\/passivhaus\\\/\",\"name\":\"Passivhaus Girona\",\"isPartOf\":{\"@id\":\"https:\\\/\\\/behaus.studio\\\/ca\\\/#website\"},\"datePublished\":\"2023-09-04T16:47:04+00:00\",\"dateModified\":\"2024-02-21T08:50:31+00:00\",\"description\":\"Qu\u00e8 \u00e9s una casa passiva? En qu\u00e9 m'ajuda una passivhaus? Tot el que necessites saber per tenir una passivhaus a girona.\",\"breadcrumb\":{\"@id\":\"https:\\\/\\\/behaus.studio\\\/ca\\\/passivhaus\\\/#breadcrumb\"},\"inLanguage\":\"ca\",\"potentialAction\":[{\"@type\":\"ReadAction\",\"target\":[\"https:\\\/\\\/behaus.studio\\\/ca\\\/passivhaus\\\/\"]}]},{\"@type\":\"BreadcrumbList\",\"@id\":\"https:\\\/\\\/behaus.studio\\\/ca\\\/passivhaus\\\/#breadcrumb\",\"itemListElement\":[{\"@type\":\"ListItem\",\"position\":1,\"name\":\"Portada\",\"item\":\"https:\\\/\\\/behaus.studio\\\/ca\\\/\"},{\"@type\":\"ListItem\",\"position\":2,\"name\":\"Passivhaus\"}]},{\"@type\":\"WebSite\",\"@id\":\"https:\\\/\\\/behaus.studio\\\/ca\\\/#website\",\"url\":\"https:\\\/\\\/behaus.studio\\\/ca\\\/\",\"name\":\"Behaus\",\"description\":\"Passivhaus Designer Girona\",\"publisher\":{\"@id\":\"https:\\\/\\\/behaus.studio\\\/ca\\\/#organization\"},\"potentialAction\":[{\"@type\":\"SearchAction\",\"target\":{\"@type\":\"EntryPoint\",\"urlTemplate\":\"https:\\\/\\\/behaus.studio\\\/ca\\\/?s={search_term_string}\"},\"query-input\":{\"@type\":\"PropertyValueSpecification\",\"valueRequired\":true,\"valueName\":\"search_term_string\"}}],\"inLanguage\":\"ca\"},{\"@type\":\"Organization\",\"@id\":\"https:\\\/\\\/behaus.studio\\\/ca\\\/#organization\",\"name\":\"Behaus\",\"url\":\"https:\\\/\\\/behaus.studio\\\/ca\\\/\",\"logo\":{\"@type\":\"ImageObject\",\"inLanguage\":\"ca\",\"@id\":\"https:\\\/\\\/behaus.studio\\\/ca\\\/#\\\/schema\\\/logo\\\/image\\\/\",\"url\":\"https:\\\/\\\/behaus.studio\\\/wp-content\\\/uploads\\\/2023\\\/10\\\/BEHAUS_FAVICON_negrecyan.png\",\"contentUrl\":\"https:\\\/\\\/behaus.studio\\\/wp-content\\\/uploads\\\/2023\\\/10\\\/BEHAUS_FAVICON_negrecyan.png\",\"width\":487,\"height\":431,\"caption\":\"Behaus\"},\"image\":{\"@id\":\"https:\\\/\\\/behaus.studio\\\/ca\\\/#\\\/schema\\\/logo\\\/image\\\/\"}}]}<\/script>\n<!-- \/ Yoast SEO plugin. -->","yoast_head_json":{"title":"Passivhaus Girona","description":"Qu\u00e8 \u00e9s una casa passiva? En qu\u00e9 m'ajuda una passivhaus? Tot el que necessites saber per tenir una passivhaus a girona.","robots":{"index":"index","follow":"follow","max-snippet":"max-snippet:-1","max-image-preview":"max-image-preview:large","max-video-preview":"max-video-preview:-1"},"canonical":"https:\/\/behaus.studio\/ca\/passivhaus\/","og_locale":"ca_ES","og_type":"article","og_title":"Passivhaus Girona","og_description":"Qu\u00e8 \u00e9s una casa passiva? En qu\u00e9 m'ajuda una passivhaus? Tot el que necessites saber per tenir una passivhaus a girona.","og_url":"https:\/\/behaus.studio\/ca\/passivhaus\/","og_site_name":"Behaus","article_modified_time":"2024-02-21T08:50:31+00:00","twitter_card":"summary_large_image","twitter_misc":{"Temps estimat de lectura":"17 minuts"},"schema":{"@context":"https:\/\/schema.org","@graph":[{"@type":"WebPage","@id":"https:\/\/behaus.studio\/ca\/passivhaus\/","url":"https:\/\/behaus.studio\/ca\/passivhaus\/","name":"Passivhaus Girona","isPartOf":{"@id":"https:\/\/behaus.studio\/ca\/#website"},"datePublished":"2023-09-04T16:47:04+00:00","dateModified":"2024-02-21T08:50:31+00:00","description":"Qu\u00e8 \u00e9s una casa passiva? En qu\u00e9 m'ajuda una passivhaus? Tot el que necessites saber per tenir una passivhaus a girona.","breadcrumb":{"@id":"https:\/\/behaus.studio\/ca\/passivhaus\/#breadcrumb"},"inLanguage":"ca","potentialAction":[{"@type":"ReadAction","target":["https:\/\/behaus.studio\/ca\/passivhaus\/"]}]},{"@type":"BreadcrumbList","@id":"https:\/\/behaus.studio\/ca\/passivhaus\/#breadcrumb","itemListElement":[{"@type":"ListItem","position":1,"name":"Portada","item":"https:\/\/behaus.studio\/ca\/"},{"@type":"ListItem","position":2,"name":"Passivhaus"}]},{"@type":"WebSite","@id":"https:\/\/behaus.studio\/ca\/#website","url":"https:\/\/behaus.studio\/ca\/","name":"Behaus","description":"Passivhaus Designer Girona","publisher":{"@id":"https:\/\/behaus.studio\/ca\/#organization"},"potentialAction":[{"@type":"SearchAction","target":{"@type":"EntryPoint","urlTemplate":"https:\/\/behaus.studio\/ca\/?s={search_term_string}"},"query-input":{"@type":"PropertyValueSpecification","valueRequired":true,"valueName":"search_term_string"}}],"inLanguage":"ca"},{"@type":"Organization","@id":"https:\/\/behaus.studio\/ca\/#organization","name":"Behaus","url":"https:\/\/behaus.studio\/ca\/","logo":{"@type":"ImageObject","inLanguage":"ca","@id":"https:\/\/behaus.studio\/ca\/#\/schema\/logo\/image\/","url":"https:\/\/behaus.studio\/wp-content\/uploads\/2023\/10\/BEHAUS_FAVICON_negrecyan.png","contentUrl":"https:\/\/behaus.studio\/wp-content\/uploads\/2023\/10\/BEHAUS_FAVICON_negrecyan.png","width":487,"height":431,"caption":"Behaus"},"image":{"@id":"https:\/\/behaus.studio\/ca\/#\/schema\/logo\/image\/"}}]}},"_links":{"self":[{"href":"https:\/\/behaus.studio\/ca\/wp-json\/wp\/v2\/pages\/3957","targetHints":{"allow":["GET"]}}],"collection":[{"href":"https:\/\/behaus.studio\/ca\/wp-json\/wp\/v2\/pages"}],"about":[{"href":"https:\/\/behaus.studio\/ca\/wp-json\/wp\/v2\/types\/page"}],"author":[{"embeddable":true,"href":"https:\/\/behaus.studio\/ca\/wp-json\/wp\/v2\/users\/3"}],"replies":[{"embeddable":true,"href":"https:\/\/behaus.studio\/ca\/wp-json\/wp\/v2\/comments?post=3957"}],"version-history":[{"count":6,"href":"https:\/\/behaus.studio\/ca\/wp-json\/wp\/v2\/pages\/3957\/revisions"}],"predecessor-version":[{"id":4224,"href":"https:\/\/behaus.studio\/ca\/wp-json\/wp\/v2\/pages\/3957\/revisions\/4224"}],"wp:attachment":[{"href":"https:\/\/behaus.studio\/ca\/wp-json\/wp\/v2\/media?parent=3957"}],"curies":[{"name":"wp","href":"https:\/\/api.w.org\/{rel}","templated":true}]}}