{"id":2520,"date":"2023-04-27T14:25:29","date_gmt":"2023-04-27T14:25:29","guid":{"rendered":"https:\/\/behaus.studio\/?page_id=2520"},"modified":"2023-10-08T14:41:56","modified_gmt":"2023-10-08T14:41:56","slug":"politica-de-privacitat","status":"publish","type":"page","link":"https:\/\/behaus.studio\/ca\/politica-de-privacitat\/","title":{"rendered":"Pol\u00edtica de privacitat"},"content":{"rendered":"<div class=\"fusion-fullwidth fullwidth-box fusion-builder-row-1 fusion-flex-container has-pattern-background has-mask-background nonhundred-percent-fullwidth non-hundred-percent-height-scrolling\" style=\"--awb-border-radius-top-left:0px;--awb-border-radius-top-right:0px;--awb-border-radius-bottom-right:0px;--awb-border-radius-bottom-left:0px;--awb-flex-wrap:wrap;\" ><div class=\"fusion-builder-row fusion-row fusion-flex-align-items-flex-start fusion-flex-content-wrap\" style=\"max-width:1248px;margin-left: calc(-4% \/ 2 );margin-right: calc(-4% \/ 2 );\"><div class=\"fusion-layout-column fusion_builder_column fusion-builder-column-0 fusion_builder_column_1_1 1_1 fusion-flex-column fusion-flex-align-self-center\" style=\"--awb-bg-size:contain;--awb-width-large:100%;--awb-margin-top-large:0px;--awb-spacing-right-large:1.92%;--awb-margin-bottom-large:20px;--awb-spacing-left-large:1.92%;--awb-width-medium:100%;--awb-order-medium:0;--awb-spacing-right-medium:1.92%;--awb-spacing-left-medium:1.92%;--awb-width-small:100%;--awb-order-small:0;--awb-spacing-right-small:1.92%;--awb-spacing-left-small:1.92%;\"><div class=\"fusion-column-wrapper fusion-column-has-shadow fusion-flex-justify-content-center fusion-content-layout-row fusion-flex-align-items-stretch\"><div class=\"fusion-text fusion-text-1\"><h1 data-fontsize=\"65\" data-lineheight=\"78px\" class=\"fusion-responsive-typography-calculated\" style=\"--fontSize: 65; line-height: 1.2;\">Pol\u00edtica de privacitat<\/h1>\n<h4 data-fontsize=\"20\" data-lineheight=\"28px\" class=\"fusion-responsive-typography-calculated\" style=\"--fontSize: 20; line-height: 1.4; --minFontSize: 20;\">Informaci\u00f3 en compliment de la normativa de protecci\u00f3 de dades personals<\/h4>\n<\/p>\n<p>A Europa i Espanya hi ha normes de protecci\u00f3 de dades pensades per protegir la seva informaci\u00f3 personal de compliment obligat per a la nostra entitat.<\/p>\n<p>Per aix\u00f2, \u00e9s molt important per a nosaltres que entengui perfectament qu\u00e8 farem amb les dades personals que us demanem.<\/p>\n<p>Aix\u00ed, serem transparents i us donarem el control de les vostres dades, amb un llenguatge senzill i opcions clares que us permetran decidir qu\u00e8 farem amb la vostra informaci\u00f3 personal.<\/p>\n<p>Si us plau, si un cop llegida aquesta informaci\u00f3 us queda algun dubte, no dubteu a preguntar-nos.<\/p>\n<p>Moltes gr\u00e0cies per la vostra col\u00b7laboraci\u00f3.<\/p>\n<p><b>Qui som?<\/b><\/p>\n<ul>\n<li>La nostra denominaci\u00f3: Laia Sol\u00e9 Lleal \u2013 40370455G<\/li>\n<li>El nostre CIF \/ NIF: 40370455G<\/li>\n<li>La nostra adre\u00e7a: Carrer Mestre Francesc Civil 8, 17005 Girona<\/li>\n<li>El nostre tel\u00e8fon de contacte: (+34) 972 13 20 11<\/li>\n<li>La nostra adre\u00e7a de correu electr\u00f2nic de contacte: : hola@behaus.studio<\/li>\n<li>La nostra p\u00e0gina web: www.behaus.studio<\/li>\n<\/ul>\n<p>Estem a la vostra disposici\u00f3, no dubteu a contactar amb nosaltres.<\/p>\n<ul>\n<li><b>Per qu\u00e8 utilitzarem les vostres dades?<\/b> Amb car\u00e0cter general, les seves dades personals seran utilitzades per poder relacionar-nos amb vost\u00e8 i poder prestar-li els nostres serveis. Aix\u00ed mateix, tamb\u00e9 poden ser usats per a altres activitats, com enviar publicitat o promocionar les nostres activitats.<\/li>\n<li><b>Per qu\u00e8 necessitem fer servir les seves dades?<\/b> Les vostres dades personals s\u00f3n necess\u00e0ries per poder relacionar-nos amb vost\u00e8 i poder prestar-li els nostres serveis. En aquest sentit, posarem a la vostra disposici\u00f3 una s\u00e8rie de caselles que us permetran decidir de manera clara i senzilla sobre l&#8217;\u00fas de la vostra informaci\u00f3 personal.<\/li>\n<li><b>Qui coneixer\u00e0 la informaci\u00f3 que us demanem?<\/b> Amb car\u00e0cter general, nom\u00e9s el personal de la nostra entitat que estigui degudament autoritzat podr\u00e0 tenir coneixement de la informaci\u00f3 que us demanem. De la mateixa manera, podran tenir coneixement de la seva informaci\u00f3 personal aquelles entitats que necessitin tenir-hi acc\u00e9s perqu\u00e8 puguem prestar-li els nostres serveis. Aix\u00ed, per exemple, el nostre banc coneixer\u00e0 les vostres dades si el pagament dels nostres serveis es realitza mitjan\u00e7ant targeta o transfer\u00e8ncia banc\u00e0ria. Aix\u00ed mateix, tindran coneixement de la seva informaci\u00f3 aquelles entitats p\u00fabliques o privades a les quals estiguem obligats a facilitar les dades personals amb motiu del compliment d&#8217;alguna llei. Posant-li un exemple, la Llei Tribut\u00e0ria obliga a facilitar a l&#8217;Ag\u00e8ncia Tribut\u00e0ria determinada informaci\u00f3 sobre operacions econ\u00f2miques que superin una determinada quantitat. En cas que, al marge dels sup\u00f2sits comentats, necessitem donar a con\u00e8ixer la seva informaci\u00f3 personal a altres entitats, sol\u00b7licitarem pr\u00e8viament el vostre perm\u00eds a trav\u00e9s d&#8217;opcions clares que us permetran decidir sobre aix\u00f2.<\/li>\n<li><b>Com protegirem les vostres dades?<\/b> Protegirem les vostres dades amb mesures de seguretat eficaces en funci\u00f3 dels riscos que comporti l&#8217;\u00fas de la vostra informaci\u00f3. Per aix\u00f2, la nostra entitat ha aprovat una Pol\u00edtica de Protecci\u00f3 de Dades i es realitzen controls i auditories anuals per verificar que les seves dades personals estan segures en tot moment.<\/li>\n<li><b>Enviarem les vostres dades a altres pa\u00efsos?<\/b> Al m\u00f3n hi ha pa\u00efsos que s\u00f3n segurs per a les seves dades i d&#8217;altres que no ho s\u00f3n tant. Aix\u00ed, per exemple, la Uni\u00f3 Europea \u00e9s un entorn segur per a les vostres dades. La nostra pol\u00edtica \u00e9s no enviar la vostra informaci\u00f3 personal a cap pa\u00eds que no sigui segur des del punt de vista de la protecci\u00f3 de les vostres dades. En cas que, amb motiu de prestar-vos el servei, sigui imprescindible enviar les vostres dades a un pa\u00eds que no sigui tan segur com Espanya, sempre us sol\u00b7licitarem pr\u00e8viament el vostre perm\u00eds i aplicarem mesures de seguretat eficaces que redueixin els riscos de l&#8217;enviament de la vostra informaci\u00f3 personal a un altre pa\u00eds.<\/li>\n<li><b>Durant quant de temps conservarem les vostres dades?<\/b> Conservarem les vostres dades durant la nostra relaci\u00f3 i mentre ens obliguin les lleis. Un cop finalitzats els terminis legals aplicables, procedirem a eliminar-los de manera segura i respectuosa amb el medi ambient.<\/li>\n<li><b>Quins s\u00f3n els vostres drets de protecci\u00f3 de dades?<\/b> En qualsevol moment us podeu adre\u00e7ar a nosaltres per saber quina informaci\u00f3 tenim sobre v\u00f3s, rectificar-la si fos incorrecta i eliminar-la un cop finalitzada la nostra relaci\u00f3, en el cas que aix\u00f2 sigui legalment possible. Tamb\u00e9 teniu dret a sol\u00b7licitar el trasp\u00e0s de la vostra informaci\u00f3 a una altra entitat. Aquest dret s&#8217;anomena portabilitat i pot ser \u00fatil en determinades situacions. Per sol\u00b7licitar algun d&#8217;aquests drets, haureu de fer una sol\u00b7licitud escrita a la nostra adre\u00e7a, juntament amb una fotoc\u00f2pia del vostre DNI, per poder-lo identificar. .<\/li>\n<\/ul>\n<p>Per saber m\u00e9s sobre els vostres drets de protecci\u00f3 de dades, podeu consultar la p\u00e0gina web de l&#8217;Ag\u00e8ncia Espanyola de Protecci\u00f3 de Dades (www.agpd.es).<\/p>\n<ul>\n<li><b>Podeu retirar el vostre consentiment si canvieu d&#8217;opini\u00f3 en un moment posterior?<\/b> Vost\u00e8 pot retirar el seu consentiment si canvia dopini\u00f3 sobre l\u00fas de les seves dades en qualsevol moment. Aix\u00ed per exemple, si vost\u00e8 al seu dia va estar interessat\/da a rebre publicitat dels nostres productes o serveis, per\u00f2 ja no desitja rebre m\u00e9s publicitat, ens ho pot fer constar a trav\u00e9s del formulari d&#8217;oposici\u00f3 al tractament disponible a les oficines de la nostra entitat.<\/li>\n<li><b>En cas que entengueu que els vostres drets han estat desatesos, on podeu formular una reclamaci\u00f3? <\/b>En cas que entengueu que els vostres drets han estat desatesos per la nostra entitat, podeu formular una reclamaci\u00f3 a l&#8217;Ag\u00e8ncia Espanyola de Protecci\u00f3 de Dades, a trav\u00e9s d&#8217;algun dels mitjans seg\u00fcents:<\/li>\n<li>Seu electr\u00f2nica: www.agpd.es<\/li>\n<li>Adre\u00e7a postal:<\/li>\n<\/ul>\n<p><span style=\"color: var(--awb-text-color); font-family: var(--awb-text-font-family); font-size: var(--awb-font-size); font-style: var(--awb-text-font-style); font-weight: var(--awb-text-font-weight); letter-spacing: var(--awb-letter-spacing); text-align: var(--awb-content-alignment); text-transform: var(--awb-text-transform); background-color: var(--awb-bg-color);\"><\/span><\/p>\n<p style=\"padding-left: 40px;\">Ag\u00e8ncia Espanyola de Protecci\u00f3 de Dades<\/p>\n<p><span style=\"color: var(--awb-text-color); font-family: var(--awb-text-font-family); font-size: var(--awb-font-size); font-style: var(--awb-text-font-style); font-weight: var(--awb-text-font-weight); letter-spacing: var(--awb-letter-spacing); text-align: var(--awb-content-alignment); text-transform: var(--awb-text-transform); background-color: var(--awb-bg-color);\"><\/span><\/p>\n<p style=\"padding-left: 40px;\">C\/ Jorge Juan, 6<\/p>\n<p><span style=\"color: var(--awb-text-color); font-family: var(--awb-text-font-family); font-size: var(--awb-font-size); font-style: var(--awb-text-font-style); font-weight: var(--awb-text-font-weight); letter-spacing: var(--awb-letter-spacing); text-align: var(--awb-content-alignment); text-transform: var(--awb-text-transform); background-color: var(--awb-bg-color);\"><\/span><\/p>\n<p style=\"padding-left: 40px;\">28001-Madrid<\/p>\n<\/p>\n<ul>\n<li>Via telef\u00f2nica:<\/li>\n<\/ul>\n<p style=\"padding-left: 40px;\">Telf. 901 100 099<\/p>\n<p style=\"padding-left: 40px;\">Telf. 91 266 35 17<\/p>\n<p>Formular una reclamaci\u00f3 a l&#8217;Ag\u00e8ncia Espanyola de Protecci\u00f3 de Dades no comporta cap cost i no cal l&#8217;assist\u00e8ncia d&#8217;advocat ni procurador.<\/p>\n<ul>\n<li><b>Elaborarem perfils sobre vost\u00e8?<\/b> La nostra pol\u00edtica \u00e9s no fer perfils sobre els usuaris dels nostres serveis. No obstant aix\u00f2, poden existir situacions en qu\u00e8, amb finalitats de prestaci\u00f3 del servei, comercials o d&#8217;un altre tipus, necessitem elaborar perfils d&#8217;informaci\u00f3 sobre vosaltres. Un exemple podria ser la utilitzaci\u00f3 del seu historial de compres o serveis per poder oferir productes o serveis adaptats als seus gustos o necessitats. En aquest cas, aplicarem mesures de seguretat eficaces que protegeixin la seva informaci\u00f3 en tot moment de persones no autoritzades que pretenguin utilitzar-la en benefici propi.<\/li>\n<li><b>Usarem les vostres dades per a altres fins?<\/b> La nostra pol\u00edtica \u00e9s no utilitzar les vostres dades per a altres finalitats diferents de les que us hem explicat. Si, per\u00f2, necessit\u00e9ssim utilitzar les seves dades per a activitats diferents, sempre us sol\u00b7licitarem pr\u00e8viament el vostre perm\u00eds a trav\u00e9s d&#8217;opcions clares que us permetran decidir sobre aix\u00f2.<\/li>\n<\/ul>\n<\/div><\/div><\/div><\/div><\/div>\n","protected":false},"excerpt":{"rendered":"","protected":false},"author":3,"featured_media":0,"parent":0,"menu_order":300,"comment_status":"closed","ping_status":"closed","template":"100-width.php","meta":{"footnotes":""},"class_list":["post-2520","page","type-page","status-publish","hentry"],"yoast_head":"<!-- This site is optimized with the Yoast SEO plugin v27.4 - https:\/\/yoast.com\/product\/yoast-seo-wordpress\/ -->\n<title>Pol\u00edtica de privacitat - Behaus<\/title>\n<meta name=\"robots\" content=\"index, follow, max-snippet:-1, max-image-preview:large, max-video-preview:-1\" \/>\n<link rel=\"canonical\" href=\"https:\/\/behaus.studio\/ca\/politica-de-privacitat\/\" \/>\n<meta property=\"og:locale\" content=\"ca_ES\" \/>\n<meta property=\"og:type\" content=\"article\" \/>\n<meta property=\"og:title\" content=\"Pol\u00edtica de privacitat - Behaus\" \/>\n<meta property=\"og:url\" content=\"https:\/\/behaus.studio\/ca\/politica-de-privacitat\/\" \/>\n<meta property=\"og:site_name\" content=\"Behaus\" \/>\n<meta property=\"article:modified_time\" content=\"2023-10-08T14:41:56+00:00\" \/>\n<meta name=\"twitter:card\" content=\"summary_large_image\" \/>\n<meta name=\"twitter:label1\" content=\"Temps estimat de lectura\" \/>\n\t<meta name=\"twitter:data1\" content=\"1 minut\" \/>\n<script type=\"application\/ld+json\" class=\"yoast-schema-graph\">{\"@context\":\"https:\\\/\\\/schema.org\",\"@graph\":[{\"@type\":\"WebPage\",\"@id\":\"https:\\\/\\\/behaus.studio\\\/ca\\\/politica-de-privacitat\\\/\",\"url\":\"https:\\\/\\\/behaus.studio\\\/ca\\\/politica-de-privacitat\\\/\",\"name\":\"Pol\u00edtica de privacitat - Behaus\",\"isPartOf\":{\"@id\":\"https:\\\/\\\/behaus.studio\\\/ca\\\/#website\"},\"datePublished\":\"2023-04-27T14:25:29+00:00\",\"dateModified\":\"2023-10-08T14:41:56+00:00\",\"breadcrumb\":{\"@id\":\"https:\\\/\\\/behaus.studio\\\/ca\\\/politica-de-privacitat\\\/#breadcrumb\"},\"inLanguage\":\"ca\",\"potentialAction\":[{\"@type\":\"ReadAction\",\"target\":[\"https:\\\/\\\/behaus.studio\\\/ca\\\/politica-de-privacitat\\\/\"]}]},{\"@type\":\"BreadcrumbList\",\"@id\":\"https:\\\/\\\/behaus.studio\\\/ca\\\/politica-de-privacitat\\\/#breadcrumb\",\"itemListElement\":[{\"@type\":\"ListItem\",\"position\":1,\"name\":\"Portada\",\"item\":\"https:\\\/\\\/behaus.studio\\\/ca\\\/\"},{\"@type\":\"ListItem\",\"position\":2,\"name\":\"Pol\u00edtica de privacitat\"}]},{\"@type\":\"WebSite\",\"@id\":\"https:\\\/\\\/behaus.studio\\\/ca\\\/#website\",\"url\":\"https:\\\/\\\/behaus.studio\\\/ca\\\/\",\"name\":\"Behaus\",\"description\":\"Passivhaus Designer Girona\",\"publisher\":{\"@id\":\"https:\\\/\\\/behaus.studio\\\/ca\\\/#organization\"},\"potentialAction\":[{\"@type\":\"SearchAction\",\"target\":{\"@type\":\"EntryPoint\",\"urlTemplate\":\"https:\\\/\\\/behaus.studio\\\/ca\\\/?s={search_term_string}\"},\"query-input\":{\"@type\":\"PropertyValueSpecification\",\"valueRequired\":true,\"valueName\":\"search_term_string\"}}],\"inLanguage\":\"ca\"},{\"@type\":\"Organization\",\"@id\":\"https:\\\/\\\/behaus.studio\\\/ca\\\/#organization\",\"name\":\"Behaus\",\"url\":\"https:\\\/\\\/behaus.studio\\\/ca\\\/\",\"logo\":{\"@type\":\"ImageObject\",\"inLanguage\":\"ca\",\"@id\":\"https:\\\/\\\/behaus.studio\\\/ca\\\/#\\\/schema\\\/logo\\\/image\\\/\",\"url\":\"https:\\\/\\\/behaus.studio\\\/wp-content\\\/uploads\\\/2023\\\/10\\\/BEHAUS_FAVICON_negrecyan.png\",\"contentUrl\":\"https:\\\/\\\/behaus.studio\\\/wp-content\\\/uploads\\\/2023\\\/10\\\/BEHAUS_FAVICON_negrecyan.png\",\"width\":487,\"height\":431,\"caption\":\"Behaus\"},\"image\":{\"@id\":\"https:\\\/\\\/behaus.studio\\\/ca\\\/#\\\/schema\\\/logo\\\/image\\\/\"}}]}<\/script>\n<!-- \/ Yoast SEO plugin. -->","yoast_head_json":{"title":"Pol\u00edtica de privacitat - Behaus","robots":{"index":"index","follow":"follow","max-snippet":"max-snippet:-1","max-image-preview":"max-image-preview:large","max-video-preview":"max-video-preview:-1"},"canonical":"https:\/\/behaus.studio\/ca\/politica-de-privacitat\/","og_locale":"ca_ES","og_type":"article","og_title":"Pol\u00edtica de privacitat - Behaus","og_url":"https:\/\/behaus.studio\/ca\/politica-de-privacitat\/","og_site_name":"Behaus","article_modified_time":"2023-10-08T14:41:56+00:00","twitter_card":"summary_large_image","twitter_misc":{"Temps estimat de lectura":"1 minut"},"schema":{"@context":"https:\/\/schema.org","@graph":[{"@type":"WebPage","@id":"https:\/\/behaus.studio\/ca\/politica-de-privacitat\/","url":"https:\/\/behaus.studio\/ca\/politica-de-privacitat\/","name":"Pol\u00edtica de privacitat - Behaus","isPartOf":{"@id":"https:\/\/behaus.studio\/ca\/#website"},"datePublished":"2023-04-27T14:25:29+00:00","dateModified":"2023-10-08T14:41:56+00:00","breadcrumb":{"@id":"https:\/\/behaus.studio\/ca\/politica-de-privacitat\/#breadcrumb"},"inLanguage":"ca","potentialAction":[{"@type":"ReadAction","target":["https:\/\/behaus.studio\/ca\/politica-de-privacitat\/"]}]},{"@type":"BreadcrumbList","@id":"https:\/\/behaus.studio\/ca\/politica-de-privacitat\/#breadcrumb","itemListElement":[{"@type":"ListItem","position":1,"name":"Portada","item":"https:\/\/behaus.studio\/ca\/"},{"@type":"ListItem","position":2,"name":"Pol\u00edtica de privacitat"}]},{"@type":"WebSite","@id":"https:\/\/behaus.studio\/ca\/#website","url":"https:\/\/behaus.studio\/ca\/","name":"Behaus","description":"Passivhaus Designer Girona","publisher":{"@id":"https:\/\/behaus.studio\/ca\/#organization"},"potentialAction":[{"@type":"SearchAction","target":{"@type":"EntryPoint","urlTemplate":"https:\/\/behaus.studio\/ca\/?s={search_term_string}"},"query-input":{"@type":"PropertyValueSpecification","valueRequired":true,"valueName":"search_term_string"}}],"inLanguage":"ca"},{"@type":"Organization","@id":"https:\/\/behaus.studio\/ca\/#organization","name":"Behaus","url":"https:\/\/behaus.studio\/ca\/","logo":{"@type":"ImageObject","inLanguage":"ca","@id":"https:\/\/behaus.studio\/ca\/#\/schema\/logo\/image\/","url":"https:\/\/behaus.studio\/wp-content\/uploads\/2023\/10\/BEHAUS_FAVICON_negrecyan.png","contentUrl":"https:\/\/behaus.studio\/wp-content\/uploads\/2023\/10\/BEHAUS_FAVICON_negrecyan.png","width":487,"height":431,"caption":"Behaus"},"image":{"@id":"https:\/\/behaus.studio\/ca\/#\/schema\/logo\/image\/"}}]}},"_links":{"self":[{"href":"https:\/\/behaus.studio\/ca\/wp-json\/wp\/v2\/pages\/2520","targetHints":{"allow":["GET"]}}],"collection":[{"href":"https:\/\/behaus.studio\/ca\/wp-json\/wp\/v2\/pages"}],"about":[{"href":"https:\/\/behaus.studio\/ca\/wp-json\/wp\/v2\/types\/page"}],"author":[{"embeddable":true,"href":"https:\/\/behaus.studio\/ca\/wp-json\/wp\/v2\/users\/3"}],"replies":[{"embeddable":true,"href":"https:\/\/behaus.studio\/ca\/wp-json\/wp\/v2\/comments?post=2520"}],"version-history":[{"count":4,"href":"https:\/\/behaus.studio\/ca\/wp-json\/wp\/v2\/pages\/2520\/revisions"}],"predecessor-version":[{"id":4119,"href":"https:\/\/behaus.studio\/ca\/wp-json\/wp\/v2\/pages\/2520\/revisions\/4119"}],"wp:attachment":[{"href":"https:\/\/behaus.studio\/ca\/wp-json\/wp\/v2\/media?parent=2520"}],"curies":[{"name":"wp","href":"https:\/\/api.w.org\/{rel}","templated":true}]}}